{"id":18,"date":"2021-04-22T14:49:53","date_gmt":"2021-04-22T18:49:53","guid":{"rendered":"http:\/\/duofortinpoirier.com\/?page_id=18"},"modified":"2026-04-30T10:01:52","modified_gmt":"2026-04-30T14:01:52","slug":"calendrier","status":"publish","type":"page","link":"https:\/\/duofortinpoirier.com\/en\/calendrier\/","title":{"rendered":"Calendar"},"content":{"rendered":"<p>[et_pb_section fb_built=\u00a0\u00bb1&Prime; _builder_version=\u00a0\u00bb4.16&Prime; _module_preset=\u00a0\u00bbdefault\u00a0\u00bb global_colors_info=\u00a0\u00bb{}\u00a0\u00bb][et_pb_row _builder_version=\u00a0\u00bb4.16&Prime; _module_preset=\u00a0\u00bbdefault\u00a0\u00bb min_height=\u00a0\u00bb110.6px\u00a0\u00bb custom_padding=\u00a0\u00bb||0px||false|false\u00a0\u00bb global_colors_info=\u00a0\u00bb{}\u00a0\u00bb][et_pb_column type=\u00a0\u00bb4_4&Prime; _builder_version=\u00a0\u00bb4.16&Prime; _module_preset=\u00a0\u00bbdefault\u00a0\u00bb global_colors_info=\u00a0\u00bb{}\u00a0\u00bb][et_pb_text _builder_version=\u00a0\u00bb4.16&Prime; _module_preset=\u00a0\u00bbdefault\u00a0\u00bb header_font=\u00a0\u00bbgallery-modern|||on|||||\u00a0\u00bb header_font_size=\u00a0\u00bb4rem\u00a0\u00bb header_line_height=\u00a0\u00bb0.9em\u00a0\u00bb width=\u00a0\u00bb100%\u00a0\u00bb custom_margin=\u00a0\u00bb||25px||false|false\u00a0\u00bb animation_style=\u00a0\u00bbslide\u00a0\u00bb animation_direction=\u00a0\u00bbbottom\u00a0\u00bb animation_delay=\u00a0\u00bb1000ms\u00a0\u00bb animation_intensity_slide=\u00a0\u00bb30%\u00a0\u00bb animation_speed_curve=\u00a0\u00bbease\u00a0\u00bb header_font_size_tablet=\u00a0\u00bb4rem\u00a0\u00bb header_font_size_phone=\u00a0\u00bb36px\u00a0\u00bb header_font_size_last_edited=\u00a0\u00bbon|phone\u00a0\u00bb locked=\u00a0\u00bboff\u00a0\u00bb global_colors_info=\u00a0\u00bb{}\u00a0\u00bb]<\/p>\n<h1 style=\"text-align: left;\">Concerts \u00e0 venir<\/h1>\n<p>[\/et_pb_text][\/et_pb_column][\/et_pb_row][et_pb_row _builder_version=\u00a0\u00bb4.16&Prime; _module_preset=\u00a0\u00bbdefault\u00a0\u00bb min_height=\u00a0\u00bb225.8px\u00a0\u00bb custom_margin=\u00a0\u00bb-29px|auto||auto||\u00a0\u00bb custom_padding=\u00a0\u00bb20px||20px||true|false\u00a0\u00bb global_colors_info=\u00a0\u00bb{}\u00a0\u00bb][et_pb_column type=\u00a0\u00bb4_4&Prime; _builder_version=\u00a0\u00bb4.16&Prime; _module_preset=\u00a0\u00bbdefault\u00a0\u00bb global_colors_info=\u00a0\u00bb{}\u00a0\u00bb][et_pb_text _builder_version=\u00a0\u00bb4.27.4&Prime; _module_preset=\u00a0\u00bbdefault\u00a0\u00bb header_font=\u00a0\u00bbgallery-modern|||on|||||\u00a0\u00bb header_font_size=\u00a0\u00bb4rem\u00a0\u00bb header_line_height=\u00a0\u00bb0.9em\u00a0\u00bb width=\u00a0\u00bb100%\u00a0\u00bb custom_margin=\u00a0\u00bb||25px||false|false\u00a0\u00bb animation_style=\u00a0\u00bbslide\u00a0\u00bb animation_direction=\u00a0\u00bbbottom\u00a0\u00bb animation_delay=\u00a0\u00bb1250ms\u00a0\u00bb animation_intensity_slide=\u00a0\u00bb30%\u00a0\u00bb animation_speed_curve=\u00a0\u00bbease\u00a0\u00bb header_font_size_tablet=\u00a0\u00bb4rem\u00a0\u00bb header_font_size_phone=\u00a0\u00bb36px\u00a0\u00bb header_font_size_last_edited=\u00a0\u00bbon|phone\u00a0\u00bb locked=\u00a0\u00bboff\u00a0\u00bb global_colors_info=\u00a0\u00bb{}\u00a0\u00bb]<\/p>\n<h1 style=\"text-align: left;\">2026<\/h1>\n<p>[\/et_pb_text][et_pb_text _builder_version=\u00a0\u00bb4.27.6&Prime; _module_preset=\u00a0\u00bbdefault\u00a0\u00bb text_font_size=\u00a0\u00bb18px\u00a0\u00bb custom_padding=\u00a0\u00bb2px|||||\u00a0\u00bb hover_enabled=\u00a0\u00bb0&Prime; global_colors_info=\u00a0\u00bb{}\u00a0\u00bb sticky_enabled=\u00a0\u00bb0&Prime;]<\/p>\n<p><span><strong>19 avril 2026, 15h00 &#8211;<\/strong> Premi\u00e8re de la production <em>Harmonie des oppos\u00e9s,\u00a0<\/em>Maison de la Culture Athunsic, Montr\u00e9al, <a href=\"https:\/\/www.youtube.com\/watch?v=dlixIdBrvOU&amp;list=RDdlixIdBrvOU&amp;start_radio=1\">informations<\/a><\/span><\/p>\n<p><span><strong>21 avril 2026, 18H15 &#8211; <\/strong>Soir\u00e9e-b\u00e9n\u00e9fice de la SAMS 2026, Rialto, Montr\u00e9al, <a href=\"https:\/\/samsante.org\/soiree-benefice2026\/\" target=\"_blank\" rel=\"noopener\">informations<\/a><\/span><\/p>\n<p><span><strong>23 avril 2026, 9h30 &#8211;<\/strong> Carnaval des animaux, Arsenal \u00e0 musique, Montr\u00e9al, pr\u00e9sentation scolaire <a href=\"https:\/\/www.arsenal.ca\/?lang=fr\" target=\"_blank\" rel=\"noopener\">informations<\/a><\/span><\/p>\n<p><span><strong>23 avril 2026, 20h00 &#8211;<\/strong> Lancement de la programmation 2026-2027, Aramusique, Repentigny, \u00a0<a href=\"https:\/\/alphonse-desjardins.com\/programmation-spectacles\/lancement-aramusique-4#:~:text=Laissez%252Dvous%2520transporter%2520par%2520des,d'autres%2520surprises%2520%C3%A0%2520d%C3%A9couvrir!\" target=\"_blank\" rel=\"noopener\">informations<\/a><\/span><\/p>\n<p><span><strong>7 mai 2026, 20h00 &#8211;<\/strong>Spectacle avec Pierre Lapointe, Rennes, France, <a href=\"https:\/\/pierrelapointe.com\/\" target=\"_blank\" rel=\"noopener\">informations<\/a><\/span><\/p>\n<p><span><strong>9 mai 2026, 20h00 &#8211;<\/strong>Spectacle avec Pierre Lapointe, Bouffes du Nord, Paris, <a href=\"https:\/\/pierrelapointe.com\/\" target=\"_blank\" rel=\"noopener\">informations<\/a><\/span><\/p>\n<p><span><strong>10 mai 2026, 20h00 &#8211;<\/strong>Spectacle avec Pierre Lapointe, Bouffes du Nord, Paris, <a href=\"https:\/\/pierrelapointe.com\/\" target=\"_blank\" rel=\"noopener\">informations<\/a><\/span><\/p>\n<p><span><strong>11 mai 2026, 20h00 &#8211;<\/strong>Spectacle avec Pierre Lapointe, Grenoble, France, <a href=\"https:\/\/pierrelapointe.com\/\" target=\"_blank\" rel=\"noopener\">informations<\/a><\/span><\/p>\n<p><span><strong>12 mai 2026, 20h00 &#8211;<\/strong>Spectacle avec Pierre Lapointe, Cluses, France, <a href=\"https:\/\/pierrelapointe.com\/\" target=\"_blank\" rel=\"noopener\">informations<\/a><\/span><\/p>\n<p><span><strong>15 mai 2026, 20h00 &#8211;<\/strong> <em>Harmonie des oppos\u00e9s<\/em>, Spect&rsquo;Art, Rimouski, <a href=\"https:\/\/spectart.com\/programmation\/duo-fortin-poirier\/\">informations<\/a><\/span><\/p>\n<p><span><strong>31 mai 2026, 15h00 &#8211;<\/strong> Les grands romantiques, Pro Musica, Centre St John, Bromont, <a href=\"https:\/\/promusica.qc.ca\/\">informations<\/a><\/span><\/p>\n<p><span><strong>25 juin 2026, 19h00 &#8211; <\/strong>Spectacle avec Pierre Lapointe, Festivoix, Trois-Rivi\u00e8res, <a href=\"https:\/\/pierrelapointe.com\/\" target=\"_blank\" rel=\"noopener\">informations<\/a><\/span><\/p>\n<p><span><strong>28 juin 2026, 14h30 &#8211; <\/strong>Spectacle avec Pierre Lapointe, Th\u00e9\u00e2tre de la vieille forge, Petite-Vall\u00e9e, <a href=\"https:\/\/pierrelapointe.com\/\" target=\"_blank\" rel=\"noopener\">informations<\/a><\/span><\/p>\n<p><span><strong>17 juillet 2026, 19h00 &#8211; <\/strong>Spectacle avec Pierre Lapointe, Th\u00e9\u00e2tre du Lac-Brome, Knowlton, <a href=\"https:\/\/pierrelapointe.com\/\" target=\"_blank\" rel=\"noopener\">informations<\/a><\/span><\/p>\n<p><span><strong>23 juillet 2026, 17h15 &#8211;<\/strong> Le Festif, Sc\u00e8ne Loto-Qu\u00e9bec, Baie-St-Paul, <a href=\"https:\/\/pierrelapointe.com\/\" target=\"_blank\" rel=\"noopener\">informations<\/a><\/span><\/p>\n<p><span><strong>30 ao\u00fbt 2026, 19h00 &#8211; <\/strong>Spectacle avec Pierre Lapointe, Th\u00e9\u00e2tre Lionel-Groulx, Sainte-Th\u00e9r\u00e8se, <a href=\"https:\/\/pierrelapointe.com\/\" target=\"_blank\" rel=\"noopener\">informations<\/a><\/span><\/p>\n<p><span><strong>10 septembre 2026, 19h00 &#8211; <\/strong>Spectacle avec Pierre Lapointe,Th\u00e9\u00e2tre Manuvie, Brossard, <a href=\"https:\/\/pierrelapointe.com\/\" target=\"_blank\" rel=\"noopener\">informations<\/a><\/span><\/p>\n<p><span><strong>30 septembre 2026, 10h30-<\/strong> <em>Harmonie des oppos\u00e9s<\/em>, Palais Montcalm, Salle d&rsquo;Youville, Qu\u00e9bec, <a href=\"https:\/\/www.palaismontcalm.ca\/concert-spectacle-quebec\/duo-fortin-poirier-30-septembre-2026\/?axeptio_token=tIvT1VgyBCKH98BmPS7nHkffvy\" target=\"_blank\" rel=\"noopener\">informations<\/a><\/span><\/p>\n<p><span><strong>1 octobre 2026, 20h00 &#8211;<\/strong> Spectacle avec Pierre Lapointe, Salle Maurice O&rsquo;Bready, Sherbrooke, <a href=\"https:\/\/pierrelapointe.com\/\" target=\"_blank\" rel=\"noopener\">informations\u00a0<\/a><\/span><\/p>\n<p><span><strong>2 octobre 2026, 20h00 &#8211;<\/strong> Spectacle avec Pierre Lapointe, Carr\u00e9 150, Victoriaville, <a href=\"https:\/\/pierrelapointe.com\/\" target=\"_blank\" rel=\"noopener\">informations\u00a0<\/a><\/span><\/p>\n<p><span><strong>3 octobre 2026, 20h00 &#8211;<\/strong> Spectacle avec Pierre Lapointe, Salle Alphonse Desjardins, \u00a0St-Georges de Beauce, <a href=\"https:\/\/pierrelapointe.com\/\" target=\"_blank\" rel=\"noopener\">informations\u00a0<\/a><\/span><\/p>\n<p><span><strong>9 octobre 2026, 20h00 &#8211;<\/strong> Spectacle avec Pierre Lapointe, Centre d&rsquo;art de Richmond, Richmond, <a href=\"https:\/\/pierrelapointe.com\/\" target=\"_blank\" rel=\"noopener\">informations\u00a0<\/a><\/span><\/p>\n<p><strong>10 octobre 2026, 20h00 &#8211;<\/strong> Spectacle avec Pierre Lapointe, Terrebonne, Th\u00e9\u00e2tre du Vieux-Terrebonne, <a href=\"https:\/\/pierrelapointe.com\/\" target=\"_blank\" rel=\"noopener\">informations\u00a0<\/a><\/p>\n<p><span><strong>17 octobre 2026, 20h00 &#8211;<\/strong> Spectacle avec Pierre Lapointe, Domaine Forget, St-Ir\u00e9n\u00e9e, \u00a0<a href=\"https:\/\/pierrelapointe.com\/\" target=\"_blank\" rel=\"noopener\">informations\u00a0<\/a><\/span><\/p>\n<p><span><strong>24 octobre 2026, 20h00 &#8211;<\/strong> Spectacle avec Pierre Lapointe, Salle Pauline-Julien, Ste-Genevi\u00e8ve (Montr\u00e9al), <a href=\"https:\/\/pierrelapointe.com\/\" target=\"_blank\" rel=\"noopener\">informations\u00a0<\/a><\/span><\/p>\n<p><span><strong>25 octobre 2026, 20h00 &#8211;<\/strong> Spectacle avec Pierre Lapointe, Th\u00e9\u00e2tre du C\u00e9gep de Trois-Rivi\u00e8res, Trois-Rivi\u00e8res, <a href=\"https:\/\/pierrelapointe.com\/\" target=\"_blank\" rel=\"noopener\">informations\u00a0<\/a><\/span><\/p>\n<p><span><strong>28 octobre 2026, 20h00 &#8211;<\/strong> Spectacle avec Pierre Lapointe, Ges\u00f9, Montr\u00e9al, <a href=\"https:\/\/pierrelapointe.com\/\" target=\"_blank\" rel=\"noopener\">informations\u00a0<\/a><\/span><\/p>\n<p><span><strong>29 octobre 2026, 20h00 &#8211;<\/strong> Spectacle avec Pierre Lapointe, Ges\u00f9, Montr\u00e9al, <a href=\"https:\/\/pierrelapointe.com\/\" target=\"_blank\" rel=\"noopener\">informations\u00a0<\/a><\/span><\/p>\n<p><span><strong>14 novembre 2026, 20h00 &#8211;<\/strong> Spectacle avec Pierre Lapointe, Th\u00e9\u00e2tre C, Chicoutimi, <a href=\"https:\/\/pierrelapointe.com\/\" target=\"_blank\" rel=\"noopener\">informations\u00a0<\/a><\/span><\/p>\n<p><span><strong>21 novembre 2026, 14h00-<\/strong> <em>Harmonie des oppos\u00e9s<\/em>, Maison de la Culture Marie-Ugay, Montr\u00e9al,<span style=\"text-decoration: underline;\"> \u00e0 venir<\/span><\/span><\/p>\n<p><span><strong>22 novembre 2026, <\/strong><em>Harmonie des oppos\u00e9s<\/em>, Th\u00e9\u00e2tre du Marais, Val Morin, <a href=\"https:\/\/theatredumarais.com\/spectacle\/duo-fortin-poirier-novembre-2026\/\" target=\"_blank\" rel=\"noopener\">informations<\/a><\/span><\/p>\n<p><span><strong>27 novembre 2026, 20h00 &#8211;<\/strong> Spectacle avec Pierre Lapointe, Salle Philippe-Filion, Shawinigan, <a href=\"https:\/\/pierrelapointe.com\/\" target=\"_blank\" rel=\"noopener\">informations\u00a0<\/a><\/span><\/p>\n<p><span><strong>28 novembre 2026, 20h00 &#8211;<\/strong> Spectacle avec Pierre Lapointe, Salle Edwin-Belanger, Montmagny, <a href=\"https:\/\/pierrelapointe.com\/\" target=\"_blank\" rel=\"noopener\">informations\u00a0<\/a><\/span><\/p>\n<p><span><strong>15 d\u00e9cembre 2026, 20h00 &#8211;<\/strong> Spectacle avec Pierre Lapointe,Grand Th\u00e9\u00e2tre de Qu\u00e9bec &#8211; Salle Octave-Cr\u00e9mazie, Qu\u00e9bec, \u00a0<a href=\"https:\/\/pierrelapointe.com\/\" target=\"_blank\" rel=\"noopener\">informations\u00a0<\/a><\/span><\/p>\n<p><span><strong>16 d\u00e9cembre 2026, 20h00 &#8211;<\/strong> Spectacle avec Pierre Lapointe,Grand Th\u00e9\u00e2tre de Qu\u00e9bec &#8211; Salle Octave-Cr\u00e9mazie, Qu\u00e9bec, \u00a0<a href=\"https:\/\/pierrelapointe.com\/\" target=\"_blank\" rel=\"noopener\">informations<\/a><\/span><\/p>\n<p><span><strong>26 mars 2027, 20h00, <\/strong><em>Harmonie des oppos\u00e9s<\/em>, Aramusique, Repentigny, \u00a0<a href=\"https:\/\/www.aramusique.org\/grands-concerts-26-27\/harmonie-des-opposes\" target=\"_blank\" rel=\"noopener\">informations<\/a><\/span><\/p>\n<p><span><\/span><\/p>\n<p><span><\/span><\/p>\n<p>&nbsp;<\/p>\n<p>[\/et_pb_text][\/et_pb_column][\/et_pb_row][et_pb_row _builder_version=\u00a0\u00bb4.16&Prime; _module_preset=\u00a0\u00bbdefault\u00a0\u00bb min_height=\u00a0\u00bb666px\u00a0\u00bb custom_padding=\u00a0\u00bb48px||0px||false|false\u00a0\u00bb global_colors_info=\u00a0\u00bb{}\u00a0\u00bb][et_pb_column type=\u00a0\u00bb4_4&Prime; _builder_version=\u00a0\u00bb4.16&Prime; _module_preset=\u00a0\u00bbdefault\u00a0\u00bb global_colors_info=\u00a0\u00bb{}\u00a0\u00bb][et_pb_text _builder_version=\u00a0\u00bb4.16&Prime; _module_preset=\u00a0\u00bbdefault\u00a0\u00bb header_font=\u00a0\u00bbgallery-modern|||on|||||\u00a0\u00bb header_font_size=\u00a0\u00bb4rem\u00a0\u00bb header_line_height=\u00a0\u00bb0.9em\u00a0\u00bb width=\u00a0\u00bb100%\u00a0\u00bb custom_margin=\u00a0\u00bb||25px||false|false\u00a0\u00bb animation_style=\u00a0\u00bbslide\u00a0\u00bb animation_direction=\u00a0\u00bbbottom\u00a0\u00bb animation_delay=\u00a0\u00bb1000ms\u00a0\u00bb animation_intensity_slide=\u00a0\u00bb30%\u00a0\u00bb animation_speed_curve=\u00a0\u00bbease\u00a0\u00bb header_font_size_tablet=\u00a0\u00bb4rem\u00a0\u00bb header_font_size_phone=\u00a0\u00bb36px\u00a0\u00bb header_font_size_last_edited=\u00a0\u00bbon|phone\u00a0\u00bb locked=\u00a0\u00bboff\u00a0\u00bb global_colors_info=\u00a0\u00bb{}\u00a0\u00bb]<\/p>\n<h1 style=\"text-align: left;\">Concerts pass\u00e9s<\/h1>\n<p>[\/et_pb_text][et_pb_text _builder_version=\u00a0\u00bb4.27.4&Prime; _module_preset=\u00a0\u00bbdefault\u00a0\u00bb header_font=\u00a0\u00bbgallery-modern|||on|||||\u00a0\u00bb header_font_size=\u00a0\u00bb4rem\u00a0\u00bb header_line_height=\u00a0\u00bb0.9em\u00a0\u00bb width=\u00a0\u00bb100%\u00a0\u00bb custom_margin=\u00a0\u00bb||25px||false|false\u00a0\u00bb animation_style=\u00a0\u00bbslide\u00a0\u00bb animation_direction=\u00a0\u00bbbottom\u00a0\u00bb animation_delay=\u00a0\u00bb1250ms\u00a0\u00bb animation_intensity_slide=\u00a0\u00bb30%\u00a0\u00bb animation_speed_curve=\u00a0\u00bbease\u00a0\u00bb header_font_size_tablet=\u00a0\u00bb4rem\u00a0\u00bb header_font_size_phone=\u00a0\u00bb36px\u00a0\u00bb header_font_size_last_edited=\u00a0\u00bbon|phone\u00a0\u00bb locked=\u00a0\u00bboff\u00a0\u00bb global_colors_info=\u00a0\u00bb{}\u00a0\u00bb]<\/p>\n<h1 style=\"text-align: left;\">2026<\/h1>\n<p>[\/et_pb_text][et_pb_text _builder_version=\u00a0\u00bb4.27.6&Prime; _module_preset=\u00a0\u00bbdefault\u00a0\u00bb text_font_size=\u00a0\u00bb18px\u00a0\u00bb custom_padding=\u00a0\u00bb2px|||||\u00a0\u00bb global_colors_info=\u00a0\u00bb{}\u00a0\u00bb]<\/p>\n<p><span><strong>10 janvier 2026, 20h00 &#8211;<\/strong> Spectacle avec Pierre Lapointe, Salle Pratt et Whitney Canada, Longueuil , <a href=\"https:\/\/pierrelapointe.com\/\" target=\"_blank\" rel=\"noopener\">informations<\/a><\/span><\/p>\n<p><span><strong>18 f\u00e9vrier 2026, 19h40 &#8211; <\/strong><em>Harmonie des oppos\u00e9s (extraits),<\/em> en vitrine \u00e0 RIDEAU, Palais Montcalm, Qu\u00e9bec, <a href=\"https:\/\/www.palaismontcalm.ca\/concert-spectacle-quebec\/entrees-libres-rideau-2026\/\">informations<\/a><\/span><\/p>\n<p><span><strong>2 avril 2026, 20h00 &#8211;<\/strong> Spectacle avec Pierre Lapointe, Salle Michel C\u00f4t\u00e9, Alma , <a href=\"https:\/\/pierrelapointe.com\/\" target=\"_blank\" rel=\"noopener\">informations<\/a><\/span><\/p>\n<p><span><strong>3 avril 2026, 20h00 &#8211;<\/strong> Spectacle avec Pierre Lapointe, Th\u00e9\u00e2tre C, Chicoutimi, <a href=\"https:\/\/pierrelapointe.com\/\" target=\"_blank\" rel=\"noopener\">informations<\/a><\/span><\/p>\n<p><span><strong>4 avril 2026, 20h00 &#8211;<\/strong> Spectacle avec Pierre Lapointe, Salle Desjardins Maria-Chapdelaine, Dolbeau, <a href=\"https:\/\/pierrelapointe.com\/\" target=\"_blank\" rel=\"noopener\">informations<\/a><\/span><\/p>\n<p><span><strong>7 avril 2026, 20h00 &#8211;<\/strong> Spectacle avec Pierre Lapointe, Salle Octave-Cr\u00e9mazie, Qu\u00e9bec, <a href=\"https:\/\/pierrelapointe.com\/\" target=\"_blank\" rel=\"noopener\">informations<\/a><\/span><\/p>\n<p><span><strong>8 avril 2026, 20h00 &#8211;<\/strong> Spectacle avec Pierre Lapointe, Salle Octave-Cr\u00e9mazie, Qu\u00e9bec, <a href=\"https:\/\/pierrelapointe.com\/\" target=\"_blank\" rel=\"noopener\">informations<\/a><\/span><\/p>\n<p><span><strong>9 avril 2026, 20h00 &#8211;<\/strong> Spectacle avec Pierre Lapointe, Le Z\u00e9nith Promutuel Assurance, St-Eustache , <a href=\"https:\/\/pierrelapointe.com\/\" target=\"_blank\" rel=\"noopener\">informations<\/a><\/span><strong><\/strong><a href=\"https:\/\/www.maisonmusicalewarwick.com\/programmation?category=Volet%20classique\"><\/a><\/p>\n<p><span><strong>11 avril 2026, 20h00 &#8211;<\/strong> Spectacle avec Pierre Lapointe, Cabaret Th\u00e9\u00e2tre du Vieux-Saint-Jean, Saint-Jean-sur-le-Richelieu , <a href=\"https:\/\/pierrelapointe.com\/\" target=\"_blank\" rel=\"noopener\">informations<\/a><\/span><\/p>\n<p><span><\/span><\/p>\n<p><span><\/span><\/p>\n<p>[\/et_pb_text][et_pb_text _builder_version=\u00a0\u00bb4.24.2&Prime; _module_preset=\u00a0\u00bbdefault\u00a0\u00bb header_font=\u00a0\u00bbgallery-modern|||on|||||\u00a0\u00bb header_font_size=\u00a0\u00bb4rem\u00a0\u00bb header_line_height=\u00a0\u00bb0.9em\u00a0\u00bb width=\u00a0\u00bb100%\u00a0\u00bb custom_margin=\u00a0\u00bb||25px||false|false\u00a0\u00bb animation_style=\u00a0\u00bbslide\u00a0\u00bb animation_direction=\u00a0\u00bbbottom\u00a0\u00bb animation_delay=\u00a0\u00bb1000ms\u00a0\u00bb animation_intensity_slide=\u00a0\u00bb30%\u00a0\u00bb animation_speed_curve=\u00a0\u00bbease\u00a0\u00bb header_font_size_tablet=\u00a0\u00bb4rem\u00a0\u00bb header_font_size_phone=\u00a0\u00bb36px\u00a0\u00bb header_font_size_last_edited=\u00a0\u00bbon|phone\u00a0\u00bb locked=\u00a0\u00bboff\u00a0\u00bb global_colors_info=\u00a0\u00bb{}\u00a0\u00bb]<\/p>\n<h1 style=\"text-align: left;\">2025<\/h1>\n<p>[\/et_pb_text][et_pb_text _builder_version=\u00a0\u00bb4.27.6&Prime; _module_preset=\u00a0\u00bbdefault\u00a0\u00bb text_font_size=\u00a0\u00bb18px\u00a0\u00bb min_height=\u00a0\u00bb988px\u00a0\u00bb custom_padding=\u00a0\u00bb2px|||||\u00a0\u00bb global_colors_info=\u00a0\u00bb{}\u00a0\u00bb]<\/p>\n<p><strong>19 janvier 2025, 11h00 &#8211; <\/strong><em>Le Carnaval des Animaux<\/em>, L&rsquo;Arsenal \u00e0 Musique, Repentigny, <a href=\"https:\/\/www.arsenal.ca\/carnival-of-the-animals?lang=fr\" target=\"_blank\" rel=\"noopener\">Informations<\/a><\/p>\n<p><strong>26 janvier 2025, 20h00 &#8211;<\/strong> Spectacle avec Pierre Lapointe, Hyper Weekend Festival, Maison de la Radio et de la Musique, Paris, <a href=\"https:\/\/hyperweekend.billetterie.maisondelaradioetdelamusique.fr\/selection\/event\/date?productId=10229261039180&amp;gtmStepTracking=true\" target=\"_blank\" rel=\"noopener\">informations<\/a><\/p>\n<p><strong>2 f\u00e9vrier 2025, 14h30 &#8211;<\/strong>\u00a0<em>Concerto de Poulenc pour 2 pianos<\/em>, Orchestre symphonique du Saguenay-Lac-St-Jean, Chicoutimi, <a href=\"https:\/\/lorchestre.org\/grands-concerts\" target=\"_blank\" rel=\"noopener\">Informations<\/a><\/p>\n<p><strong>6 f\u00e9vrier 2025, 20h00 &#8211;<\/strong><em>\u00a0Nuit Blanche<\/em>, Salle Antony-Lessard, St-J\u00e9r\u00f4me, <a href=\"https:\/\/theatregillesvigneault.com\/calendrier\/duo-fortin-poirier-fevrier-2025\/\" target=\"_blank\" rel=\"noopener\">Informations<\/a><\/p>\n<p><span><strong>14 f\u00e9vrier 2025, 20h00<\/strong> &#8211; Spectacle avec Pierre Lapointe, Salle Andr\u00e9-Mathieu, Laval, <a href=\"https:\/\/pierrelapointe.com\/\" target=\"_blank\" rel=\"noopener\">informations<\/a><\/span><\/p>\n<p><span><strong>15 f\u00e9vrier 2025, 20h00 &#8211;<\/strong> Spectacle avec Pierre Lapointe, Premi\u00e8re Sc\u00e8ne, Mont-Tremblant, <a href=\"https:\/\/pierrelapointe.com\/\" target=\"_blank\" rel=\"noopener\">informations<\/a><\/span><\/p>\n<p><span><strong>28 f\u00e9vrier 2025 , 20h00-<\/strong> Spectacle avec Pierre Lapointe, Th\u00e9\u00e2tre du C\u00e9gep de Trois-Rivi\u00e8res, Trois-Rivi\u00e8res, <a href=\"https:\/\/pierrelapointe.com\/\" target=\"_blank\" rel=\"noopener\">informations<\/a><\/span><\/p>\n<p><strong>1er<\/strong><span><strong> mars 2025, 20h00 &#8211;<\/strong> Spectacle avec Pierre Lapointe, Palace de Granby, Granby, <a href=\"https:\/\/pierrelapointe.com\/\" target=\"_blank\" rel=\"noopener\">informations<\/a><\/span><\/p>\n<p><span><strong>5 mars 2025, 20h00\u00a0&#8211;<\/strong> Spectacle avec Pierre Lapointe, Le Ges\u00f9, Montr\u00e9al, <a href=\"https:\/\/pierrelapointe.com\/\" target=\"_blank\" rel=\"noopener\">informations<\/a><\/span><\/p>\n<p><span><strong>7 mars 2025, 20h00\u00a0&#8211;<\/strong> Spectacle avec Pierre Lapointe, Centre culturel Desjardins, Joliette, <a href=\"https:\/\/pierrelapointe.com\/\" target=\"_blank\" rel=\"noopener\">informations<\/a><\/span><\/p>\n<p><span><strong>8 mars 2025, 20h00\u00a0&#8211;<\/strong> Spectacle avec Pierre Lapointe, Salle Maurice O\u2019Bready, Sherbrooke, <a href=\"https:\/\/pierrelapointe.com\/\" target=\"_blank\" rel=\"noopener\">informations<\/a><\/span><\/p>\n<p><span><strong>10 mars 2025, 20h00\u00a0&#8211;<\/strong> Spectacle avec Pierre Lapointe, Salle Odyss\u00e9e, Gatineau, <a href=\"https:\/\/pierrelapointe.com\/\" target=\"_blank\" rel=\"noopener\">informations<\/a><\/span><\/p>\n<p><span><strong>13 mars 2025, 20h00\u00a0&#8211;<\/strong> Spectacle avec Pierre Lapointe, Th\u00e9\u00e2tre Hector-Charland, L\u2019assomption, <a href=\"https:\/\/pierrelapointe.com\/\" target=\"_blank\" rel=\"noopener\">informations<\/a><\/span><\/p>\n<p><span><strong>14 mars 2025, 20h00\u00a0&#8211;<\/strong> Spectacle avec Pierre Lapointe, P\u00f4le culturel de Chambly, Chambly, <a href=\"https:\/\/pierrelapointe.com\/\" target=\"_blank\" rel=\"noopener\">informations<\/a><\/span><\/p>\n<p><span><strong>20 mars 2025, 20h00\u00a0&#8211;<\/strong> Spectacle avec Pierre Lapointe, Salle Pratt &amp; Whitney, Longueuil, <a href=\"https:\/\/pierrelapointe.com\/\" target=\"_blank\" rel=\"noopener\">informations<\/a><\/span><\/p>\n<p><span><strong>21 mars 2025, 20h00\u00a0&#8211;<\/strong> Spectacle avec Pierre Lapointe, Salle Georges-Codling, Sorel-Tracy, <a href=\"https:\/\/pierrelapointe.com\/\" target=\"_blank\" rel=\"noopener\">informations<\/a><\/span><\/p>\n<p><span><strong>22 mars 2025, 20h00\u00a0&#8211;<\/strong> Spectacle avec Pierre Lapointe, Salle Albert-Dumouchel, Valleyfield, <a href=\"https:\/\/pierrelapointe.com\/\" target=\"_blank\" rel=\"noopener\">informations<\/a><\/span><\/p>\n<p><span><strong>28 mars 2025, 20h00\u00a0&#8211;<\/strong> Spectacle avec Pierre Lapointe, Th\u00e9atre Desjardins, LaSalle, <a href=\"https:\/\/pierrelapointe.com\/\" target=\"_blank\" rel=\"noopener\">informations<\/a><\/span><\/p>\n<p><span><strong>5 avril 2025, 20h00\u00a0&#8211;<\/strong> Spectacle avec Pierre Lapointe, Salle Pauline-Julien, Sainte-Genevi\u00e8ve, <a href=\"https:\/\/pierrelapointe.com\/\" target=\"_blank\" rel=\"noopener\">informations<\/a><\/span><\/p>\n<p><span><strong>6 avril 2025, 14h30 &#8211;<\/strong>\u00a0<em>Nuit Blanche<\/em>, Maison Musicale de Warwick, <a href=\"https:\/\/www.maisonmusicalewarwick.com\/programmation?category=Volet%20classique\" target=\"_blank\" rel=\"noopener\">Informations<\/a><\/span><\/p>\n<p><span><strong>10 avril 2025, 20h00\u00a0&#8211;<\/strong> Spectacle avec Pierre Lapointe, Th\u00e9\u00e2tre Le Patriote, Sainte-Agathe-des-Monts, <a href=\"https:\/\/pierrelapointe.com\/\" target=\"_blank\" rel=\"noopener\">informations<\/a><\/span><span><a href=\"https:\/\/pierrelapointe.com\/\" target=\"_blank\" rel=\"noopener\"><\/a><\/span><\/p>\n<p><span><strong>16-17 avril 2025 &#8211; <\/strong><em>Le Carnaval des Animaux<\/em>, L&rsquo;Arsenal \u00e0 Musique, Thetford Mines, <a href=\"https:\/\/www.arsenal.ca\/carnival-of-the-animals?lang=fr\" target=\"_blank\" rel=\"noopener\">Informations<\/a><\/span><\/p>\n<p><span><strong>19 avril 2025, 20h00\u00a0&#8211;<\/strong> Spectacle avec Pierre Lapointe, Salle Louis-Fr\u00e9chette, Qu\u00e9bec, <a href=\"https:\/\/pierrelapointe.com\/\" target=\"_blank\" rel=\"noopener\">informations<\/a><\/span><\/p>\n<p><span><strong>25 avril 2025, 20h00\u00a0&#8211;<\/strong> Spectacle avec Pierre Lapointe, L\u2019Espace Th\u00e9\u00e2tre, Mont-Laurier, <a href=\"https:\/\/pierrelapointe.com\/\" target=\"_blank\" rel=\"noopener\">informations<\/a><\/span><\/p>\n<p><span><strong>26 avril 2025, 20h00\u00a0&#8211;<\/strong> Spectacle avec Pierre Lapointe, Th\u00e9\u00e2tre du Vieux-Terrebonne, Terrebonne, <a href=\"https:\/\/pierrelapointe.com\/\" target=\"_blank\" rel=\"noopener\">informations<\/a><\/span><\/p>\n<p><span><strong>27-30 avril 2025 &#8211;<\/strong>\u00a0<em>Le Carnaval des Animaux<\/em>, L&rsquo;Arsenal \u00e0 Musique, St-Hyacinthe, <a href=\"https:\/\/www.arsenal.ca\/carnival-of-the-animals?lang=fr\" target=\"_blank\" rel=\"noopener\">Informations<\/a><\/span><\/p>\n<p><strong>1er<\/strong><span><strong> mai 2025, 20h00\u00a0&#8211;<\/strong> Spectacle avec Pierre Lapointe, Th\u00e9\u00e2tre Lionel-Groulx, Sainte-Th\u00e9r\u00e8se, <a href=\"https:\/\/pierrelapointe.com\/\" target=\"_blank\" rel=\"noopener\">informations<\/a><\/span><\/p>\n<p><span><strong>2 mai 2025, 20h00\u00a0&#8211;<\/strong> Spectacle avec Pierre Lapointe, Maison des Arts Dejardins, Drummondville, <a href=\"https:\/\/pierrelapointe.com\/\" target=\"_blank\" rel=\"noopener\">informations<\/a><\/span><\/p>\n<p><span><strong>3 mai 2025, 20h00\u00a0&#8211;<\/strong> Spectacle avec Pierre Lapointe, Centre Marcel-Dulude, Saint-Bruno-de-Montarville, <a href=\"https:\/\/pierrelapointe.com\/\" target=\"_blank\" rel=\"noopener\">informations<\/a><\/span><\/p>\n<p><span><strong>7 mai 2025, 20h00\u00a0&#8211;<\/strong> Spectacle avec Pierre Lapointe, Rouen, France, <a href=\"https:\/\/pierrelapointe.com\/\" target=\"_blank\" rel=\"noopener\">informations<\/a><\/span><\/p>\n<p><span><strong>8 mai 2025, 20h00\u00a0&#8211;<\/strong> Spectacle avec Pierre Lapointe, Bruxelles, <a href=\"https:\/\/pierrelapointe.com\/\" target=\"_blank\" rel=\"noopener\">informations<\/a><\/span><\/p>\n<p><span><strong>9 mai 2025, 20h00\u00a0&#8211;<\/strong> Spectacle avec Pierre Lapointe, Saint-Omer, France, <a href=\"https:\/\/pierrelapointe.com\/\" target=\"_blank\" rel=\"noopener\">informations<\/a><\/span><\/p>\n<p><span><strong>12 mai 2025, 20h00 &#8211; <\/strong>Spectacle avec Pierre Lapointe, L&rsquo;Olympia, Paris,France, <a href=\"https:\/\/www.olympiahall.com\/en\/upcoming-events\/pierre-lapointe\/\" target=\"_blank\" rel=\"noopener\">informations<\/a><\/span><\/p>\n<p><span><strong>15 mai 2025, 20h30 &#8211;<\/strong> Spectacle avec Pierre Lapointe, Nantes, France, <a href=\"https:\/\/pierrelapointe.com\/\" target=\"_blank\" rel=\"noopener\">informations<\/a><\/span><\/p>\n<p><span><strong>16 mai 2025, 20h30 &#8211;<\/strong>Spectacle avec Pierre Lapointe, Nantes, France, \u00a0<a href=\"https:\/\/pierrelapointe.com\/\" target=\"_blank\" rel=\"noopener\">informations<\/a><\/span><\/p>\n<p><span><strong>17 mai 2025, 20h30 &#8211;<\/strong> Spectacle avec Pierre Lapointe, Cenon, France,\u00a0<a href=\"https:\/\/pierrelapointe.com\/\" target=\"_blank\" rel=\"noopener\">informations<\/a><\/span><\/p>\n<p><span><strong>18 mai 2025, 20h00 &#8211;<\/strong> Spectacle avec Pierre Lapointe, Toulouse, France, <a href=\"https:\/\/pierrelapointe.com\/\" target=\"_blank\" rel=\"noopener\">informations<\/a><\/span><\/p>\n<p><span><strong>20 mai 2025, 20h30 &#8211;<\/strong>Spectacle avec Pierre Lapointe, Saint-\u00c9tienne,France, \u00a0<a href=\"https:\/\/ckelprod.trium.fr\/index.php\/37\/manifestation\/32755?g=FE&amp;w=169&amp;idtier=543161\" target=\"_blank\" rel=\"noopener\">informations<\/a><\/span><\/p>\n<p><span><strong>21 mai 2025, 20h30 &#8211;<\/strong> Spectacle avec Pierre Lapointe, N\u00eemes, France, <a href=\"https:\/\/pierrelapointe.com\/\" target=\"_blank\" rel=\"noopener\">informations<\/a><\/span><\/p>\n<p><span><strong>23 mai 2025, 20h00 &#8211;<\/strong> Spectacle avec Pierre Lapointe, Reims, France, <a href=\"https:\/\/pierrelapointe.com\/\" target=\"_blank\" rel=\"noopener\">informations<\/a><\/span><\/p>\n<p><span><strong>5 juin 2025, 20h00 &#8211;<\/strong> Spectacle avec Pierre Lapointe, Salle Desjardins-Telus, Rimouski, <a href=\"https:\/\/pierrelapointe.com\/\" target=\"_blank\" rel=\"noopener\">informations<\/a><\/span><\/p>\n<p><span><strong>6 juin 2025, 20h00 &#8211;<\/strong> Spectacle avec Pierre Lapointe, Salle Alphonse-Desjardins, Rivi\u00e8re-du-Loup, <a href=\"https:\/\/pierrelapointe.com\/\" target=\"_blank\" rel=\"noopener\">informations<\/a><\/span><\/p>\n<p><span><strong>12 juin 2025, 20h00 &#8211;<\/strong> Spectacle avec Pierre Lapointe, Th\u00e9\u00e2tre du Nouveau Monde, Montr\u00e9al, <a href=\"https:\/\/pierrelapointe.com\/\" target=\"_blank\" rel=\"noopener\">informations<\/a><\/span><\/p>\n<p><span><strong>13 juin 2025, 20h00 &#8211;<\/strong> Spectacle avec Pierre Lapointe, Th\u00e9\u00e2tre du Nouveau Monde, Montr\u00e9al, <a href=\"https:\/\/pierrelapointe.com\/\" target=\"_blank\" rel=\"noopener\">informations<\/a><\/span><\/p>\n<p><span><strong>14 juin 2025, 20h00 &#8211;<\/strong> Spectacle avec Pierre Lapointe, Th\u00e9\u00e2tre du Nouveau Monde, Montr\u00e9al, <a href=\"https:\/\/pierrelapointe.com\/\" target=\"_blank\" rel=\"noopener\">informations<\/a><\/span><\/p>\n<p><span><strong>22-30 juin 2025 &#8211; <\/strong>Spectacle avec Pierre Lapointe, Exposition Universelle 2025, Osaka, Japon, <a href=\"https:\/\/nac-cna.ca\/fr\/stories\/story\/nac-cna-expo-2025-osaka\">informations<\/a><\/span><\/p>\n<p><span><strong>3 septembre 2025 &#8211;<\/strong> Spectacle avec Pierre Lapointe, FME, Rouyn-Noranda<\/span><\/p>\n<p><span><strong>14 octobre 2025, 20h00 &#8211;<\/strong> Spectacle avec Pierre Lapointe, \u00a0Joinville, France, <a href=\"https:\/\/pierrelapointe.com\/\" target=\"_blank\" rel=\"noopener\">informations<\/a><\/span><\/p>\n<p><span><strong>15 octobre 2025, 20h00 &#8211;<\/strong> Spectacle avec Pierre Lapointe, Vincennes, France, <a href=\"https:\/\/pierrelapointe.com\/\" target=\"_blank\" rel=\"noopener\">informations<\/a><\/span><\/p>\n<p><span><strong>16 octobre 2025, 20h00 &#8211;<\/strong> Spectacle avec Pierre Lapointe, Sainte-Savine, France, <a href=\"https:\/\/pierrelapointe.com\/\" target=\"_blank\" rel=\"noopener\">informations<\/a><\/span><\/p>\n<p><span><strong>17 octobre 2025, 20h00 &#8211;<\/strong> Spectacle avec Pierre Lapointe, Le Mans, France, <a href=\"https:\/\/pierrelapointe.com\/\" target=\"_blank\" rel=\"noopener\">informations<\/a><\/span><\/p>\n<p><span><strong>19 octobre 2025, 20h00 &#8211;<\/strong> Spectacle avec Pierre Lapointe, Clermont-Ferrand, France, <a href=\"https:\/\/pierrelapointe.com\/\" target=\"_blank\" rel=\"noopener\">informations<\/a><\/span><\/p>\n<p><span><strong>20 octobre 2025, 20h00 &#8211;<\/strong> Spectacle avec Pierre Lapointe, Lyon, France, <a href=\"https:\/\/pierrelapointe.com\/\" target=\"_blank\" rel=\"noopener\">informations<\/a><\/span><\/p>\n<p><span><strong>21 octobre 2025, 20h00 &#8211;<\/strong> Spectacle avec Pierre Lapointe, Dijon, France, <a href=\"https:\/\/pierrelapointe.com\/\" target=\"_blank\" rel=\"noopener\">informations<\/a><\/span><\/p>\n<p><span><strong>23 octobre 2025, 20h00 &#8211;<\/strong> Spectacle avec Pierre Lapointe, Dijon, France, <a href=\"https:\/\/pierrelapointe.com\/\" target=\"_blank\" rel=\"noopener\">informations<\/a><\/span><\/p>\n<p><span><strong>20 novembre 2025, 20h00 &#8211;<\/strong> Spectacle avec Pierre Lapointe, Grand Th\u00e9\u00e2tre de Qu\u00e9bec &#8211; salle Louis-Fr\u00e9chette, Qu\u00e9bec \u00a0<a href=\"https:\/\/pierrelapointe.com\/\" target=\"_blank\" rel=\"noopener\">informations<\/a><\/span><\/p>\n<p><span><strong>22 novembre 2025, 20h00 &#8211;<\/strong> Spectacle avec Pierre Lapointe, Cabaret-Th\u00e9\u00e2tre du Vieux-St-Jean, St-Jean-sur-Richelieu, \u00a0<a href=\"https:\/\/pierrelapointe.com\/\" target=\"_blank\" rel=\"noopener\">informations<\/a><\/span><\/p>\n<p><span><strong>23 novembre 2025, 16h00 &#8211;<\/strong> Spectacle avec Pierre Lapointe, Maison de la Culture de Gatineau Gatineau, Gatineau, \u00a0<a href=\"https:\/\/pierrelapointe.com\/\" target=\"_blank\" rel=\"noopener\">informations<\/a><\/span><\/p>\n<p><span><strong>23 novembre 2025, 20h00 &#8211;<\/strong> Spectacle avec Pierre Lapointe, Maison de la Culture de Gatineau Gatineau, Gatineau, \u00a0<a href=\"https:\/\/pierrelapointe.com\/\" target=\"_blank\" rel=\"noopener\">informations<\/a><\/span><span><a href=\"https:\/\/pierrelapointe.com\/\" target=\"_blank\" rel=\"noopener\"><\/a><\/span><\/p>\n<p><span><strong>29 novembre 2025, 20h00 &#8211;<\/strong> Spectacle avec Pierre Lapointe, Th\u00e9\u00e2tre Gilles-Vigneault, St-J\u00e9r\u00f4me, <a href=\"https:\/\/pierrelapointe.com\/\" target=\"_blank\" rel=\"noopener\">informations<\/a><\/span><\/p>\n<p><span><strong>11 d\u00e9cembre 2025, 20h00 &#8211;<\/strong> Spectacle avec Pierre Lapointe, Salle Andr\u00e9-Mathieu, Laval, <a href=\"https:\/\/pierrelapointe.com\/\" target=\"_blank\" rel=\"noopener\">informations<\/a><\/span><\/p>\n<p>&nbsp;<\/p>\n<p><span><\/span><\/p>\n<p>[\/et_pb_text][et_pb_text _builder_version=\u00a0\u00bb4.24.2&Prime; _module_preset=\u00a0\u00bbdefault\u00a0\u00bb header_font=\u00a0\u00bbgallery-modern|||on|||||\u00a0\u00bb header_font_size=\u00a0\u00bb4rem\u00a0\u00bb header_line_height=\u00a0\u00bb0.9em\u00a0\u00bb width=\u00a0\u00bb100%\u00a0\u00bb custom_margin=\u00a0\u00bb||25px||false|false\u00a0\u00bb animation_style=\u00a0\u00bbslide\u00a0\u00bb animation_direction=\u00a0\u00bbbottom\u00a0\u00bb animation_delay=\u00a0\u00bb1000ms\u00a0\u00bb animation_intensity_slide=\u00a0\u00bb30%\u00a0\u00bb animation_speed_curve=\u00a0\u00bbease\u00a0\u00bb header_font_size_tablet=\u00a0\u00bb4rem\u00a0\u00bb header_font_size_phone=\u00a0\u00bb36px\u00a0\u00bb header_font_size_last_edited=\u00a0\u00bbon|phone\u00a0\u00bb locked=\u00a0\u00bboff\u00a0\u00bb global_colors_info=\u00a0\u00bb{}\u00a0\u00bb]<\/p>\n<h1 style=\"text-align: left;\">2023-2024<\/h1>\n<p>[\/et_pb_text][et_pb_text _builder_version=\u00a0\u00bb4.27.0&Prime; _module_preset=\u00a0\u00bbdefault\u00a0\u00bb text_font_size=\u00a0\u00bb18px\u00a0\u00bb min_height=\u00a0\u00bb162px\u00a0\u00bb custom_padding=\u00a0\u00bb29px|||||\u00a0\u00bb global_colors_info=\u00a0\u00bb{}\u00a0\u00bb]<\/p>\n<div class=\"et_pb_promo_description\">\n<p><b style=\"font-weight: bold;\"><strong>5 septembre 2024, 12h00 &#8211; <\/strong><\/b><em>Danses<\/em>, Midis Aramusique, Sous le pr\u00e9au du Centre d&rsquo;Art Diane Dufresne, Repentigny, <a href=\"https:\/\/www.aramusique.org\/midis-aramusique-24-25\/#:~:text=25%2520juillet%25202024%252C%252012%2520h&amp;text=Ils%2520vont%2520explorer%2520les%2520sonorit%C3%A9s,%C3%A0%2520l'ombre%2520du%2520pr%C3%A9au.\">Informations<\/a><\/p>\n<p><b style=\"font-weight: bold;\">16 juillet 2024, 19h30 &#8211; <\/b><em>Nuit Blanche<\/em>, Festival Music and Beyond, Ottawa, <a href=\"https:\/\/musicandbeyond.ca\/\">Informations <\/a><\/p>\n<p><strong><b>15 mai 2024, 19h30<\/b><em><b> &#8211;\u00a0<\/b><\/em><\/strong><em>Nuit Blanche, Sarnia Concert Association, Imperial Theatre, Sarnia, Ontario &#8211; <\/em><em><span style=\"text-decoration: underline;\"><a href=\"https:\/\/www.sarniaconcertassociation.ca\/calendar\/\" target=\"_blank\" rel=\"noopener\">Informations<\/a><\/span><\/em><\/p>\n<p><strong><b>23-27 avril 2024 &#8211; <\/b><\/strong>Ateliers scolaires et m\u00e9diations culturelles, Musica Sierra, Loyalton, Californie<\/p>\n<p><strong>21 avril 2024, 15h00 &#8211; <\/strong><em>Nuit Blanche,<\/em> Il Tempio di Musica, Nevada City, Californie<\/p>\n<p><strong>20 avril 2024, 19h30 &#8211;<\/strong> <em>Nuit Blanche<\/em>, Harrison Oaks Studio, Fair Oaks, Californie<\/p>\n<p><b>19 avril 2024, 19h30 &#8211; <\/b><em>Nuit Blanche<\/em>, House dinner\/concert, Woodland, Californie<\/p>\n<p><b>16 avril 2024, 19h0<\/b><strong>0 &#8211;<\/strong> <em>Nuit Blanche<\/em>, Rose Avenue Acoutic Delights, Oakland, Californie &#8211; <a href=\"https:\/\/roseavenue.com\/concert\/\">Informations<\/a><\/p>\n<p><strong style=\"font-size: 18px;\"><strong><b>16 avril 2024, 14h00 &#8211; <\/b><\/strong><\/strong><em>4 Hands Concert, <\/em>Rhoda Goldman Plaza, San Francisco, Californie<\/p>\n<p><strong style=\"font-size: 18px;\"><strong><b>14 avril 2024, 15h00 &#8211; <\/b><\/strong><\/strong><em>Nuit Blanche,<\/em> Private Concert, Music in the Vineyards, Calistoga, Californie &#8211; <a href=\"https:\/\/www.musicinthevineyards.org\/\">Informations<\/a><\/p>\n<p><strong style=\"font-size: 18px;\"><strong><b>13 avril 2024, 17h00 <\/b><\/strong><\/strong>&#8211; <em>Community Concert<\/em>, Music in the Vineyards, Napa, Californie &#8211; <a href=\"https:\/\/www.musicinthevineyards.org\/\">Informations<\/a><\/p>\n<p><strong style=\"font-size: 18px;\"><strong><b>12 avril 2024, 20h00 <\/b><\/strong><\/strong><em>&#8211;\u00a0Nuit Blanche, <\/em>Evergreen Cultural Center, Coquitlam, British Colombia &#8211; <span style=\"text-decoration: underline;\"><a href=\"https:\/\/evergreenculturalcentre.ca\/\" target=\"_blank\" rel=\"noopener\">Informations<\/a><\/span><\/p>\n<p><strong style=\"font-size: 18px;\"><strong>24 Janvier 2024, 15h00 <\/strong><\/strong>&#8211; <em>Noche Blanca, <\/em>Festival Alphonso Ortiz Tirado, Alamos, Mexique &#8211; <a href=\"https:\/\/isc.sonora.gob.mx\/media\/attachments\/2024\/01\/12\/39faot_digital.pdf\" target=\"_blank\" rel=\"noopener\">Informations<\/a><\/p>\n<p><strong style=\"font-size: 18px;\">3-4-5-6 d\u00e9cembre 2023 &#8211; <\/strong><em>Le Carnaval des Animaux, <\/em>L&rsquo;Arsenal \u00e0 Musique, L\u00e9vis &#8211; <span style=\"text-decoration: underline;\"><a href=\"https:\/\/www.arsenal.ca\/?lang=fr\">Informations<\/a><\/span><\/p>\n<p><strong style=\"font-size: 18px;\">24 novembre 2023, 20h00 &#8211;<\/strong><span style=\"font-size: 18px;\"><em> Nuit Blanche<\/em>, Aramusique, Th\u00e9\u00e2tre Alfonse-Desjardins, Repentigny &#8211; <\/span><a href=\"https:\/\/www.aramusique.org\/grands-concerts-saison-2023-2024\/nuit-blanche\/\" target=\"_blank\" rel=\"noopener\" style=\"font-size: 18px;\"><span style=\"text-decoration: underline;\">Informations<\/span><\/a><\/p>\n<p><strong>15 octobre 2023, 11h00 &#8211; <\/strong><em>Nuit Blanche<\/em>, Centre Culurel Marie-Fitzbach, Saint-Georges &#8211; <a href=\"https:\/\/ccmf.saint-georges.ca\/activites\/\" target=\"_blank\" rel=\"noopener\"><span style=\"text-decoration: underline;\">Informations<\/span><\/a><\/p>\n<p><strong>15 octobre 2023, 15h00 &#8211; <\/strong><em>Nuit Blanche<\/em>, \u00ab\u00a0Rendez-vous classiques \u00ab\u00a0, \u00a0Arquemuse, Qu\u00e9bec &#8211; <a href=\"https:\/\/www.arquemuse.com\/evenements\/calendrier\/rendez-vous-classiques-duo-fortin-poirier\/\" target=\"_blank\" rel=\"noopener\"><span style=\"text-decoration: underline;\">Informations<\/span><\/a><\/p>\n<p><strong>28 septembre 2023, 19h30 &#8211;<\/strong>\u00a0<em>D\u00e9lire amoureux &#8211; Concerto de Poulenc pour 2 pianos<\/em>, Orchestre symphonique de Drummondville &#8211; <span style=\"text-decoration: underline;\"><a href=\"https:\/\/www.osdrummondville.com\/evenements\/les-grands-concerts-canimex\/delires-amoureux\/\" target=\"_blank\" rel=\"noopener\">Informations<\/a><\/span><\/p>\n<p><strong>10 septembre 2023 &#8211; <\/strong>Festival Grandes Oreilles, Outremont<strong><\/strong><\/p>\n<p><strong>9 septembre 2023 &#8211; <\/strong>Prestation sur le piano public de Sutton, 1 rue Principale Sud\u00a0<b style=\"font-size: 18px;\"><\/b><\/p>\n<p><b style=\"font-size: 18px;\">13 ao\u00fbt 2023\u00a0<\/b><em style=\"font-size: 18px;\"><b>&#8211;\u00a0<\/b>Vingt doigts et un piano, \u00ab\u00a0<\/em>D<span style=\"font-size: 18px;\">imanche en musique\u00a0\u00bb, CAMMAC, Harrington\u00a0<\/span><\/p>\n<p><strong><b style=\"font-size: 18px;\">26 mai 2023 &#8211; <\/b><\/strong>Sortie du vid\u00e9oclip et single de <em>\u00ab\u00a0Tico-Tico\u00a0\u00bb<\/em> sur toutes les plateformes num\u00e9riques.<\/p>\n<p><strong>21 avril 2023 &#8211;\u00a0<\/strong><em>Nuit Blanche<\/em>, La Grua Center, Stonington, Connecticut<\/p>\n<p><b>12 mars 2023<\/b><em><b>\u00a0&#8211;\u00a0<\/b>Nuit Blanche, <\/em>Centre Culturel de Pierrefonds &#8211; pr\u00e9sent\u00e9 par le <em>CAM en tourn\u00e9e<\/em><span style=\"text-decoration: underline;\"><\/span><\/p>\n<p><strong>26 f\u00e9vrier 2023 &#8211;\u00a0<\/strong><em>Nuit Blanche<\/em>, S\u00e9rie Concerto, Alma<span style=\"text-decoration: underline;\"><\/span><\/p>\n<p><b>9 f\u00e9vrier 2023\u00a0<\/b><em><b>&#8211;\u00a0<\/b>Nuit Blanche, <\/em>Centre culturel et communautaire Henri-Lemieux, Lasalle &#8211; pr\u00e9sent\u00e9 par le <em>CAM en tourn\u00e9e<\/em><span style=\"text-decoration: underline;\"><a href=\"https:\/\/montreal.ca\/evenements\/nuit-blanche-duo-fortin-poirier-38520\"><\/a><\/span><\/p>\n<p><strong>5 f\u00e9vrier 2023 &#8211;\u00a0<\/strong><em>Nuit Blanche<\/em>, Azimut Diffusion, Soreil-Tracy<span style=\"text-decoration: underline;\"><\/span><\/p>\n<p><b style=\"font-size: 18px;\">26 <\/b><b style=\"font-size: 18px;\">janvier 2023\u00a0<\/b><em style=\"font-size: 18px;\"><b>&#8211;\u00a0<\/b>Nuit Blanche, <\/em><span style=\"font-size: 18px;\">\u00c9glise Jean XXII, Anjou &#8211; pr\u00e9sent\u00e9 par le <\/span><em style=\"font-size: 18px;\">CAM en tourn\u00e9e<\/em><\/p>\n<p><span style=\"text-decoration: underline;\"><\/span><\/p>\n<\/div>\n<p>[\/et_pb_text][et_pb_text _builder_version=\u00a0\u00bb4.17.4&Prime; _module_preset=\u00a0\u00bbdefault\u00a0\u00bb header_font=\u00a0\u00bbgallery-modern|||on|||||\u00a0\u00bb header_font_size=\u00a0\u00bb4rem\u00a0\u00bb header_line_height=\u00a0\u00bb0.9em\u00a0\u00bb width=\u00a0\u00bb100%\u00a0\u00bb custom_margin=\u00a0\u00bb||25px||false|false\u00a0\u00bb animation_style=\u00a0\u00bbslide\u00a0\u00bb animation_direction=\u00a0\u00bbbottom\u00a0\u00bb animation_delay=\u00a0\u00bb1000ms\u00a0\u00bb animation_intensity_slide=\u00a0\u00bb30%\u00a0\u00bb animation_speed_curve=\u00a0\u00bbease\u00a0\u00bb header_font_size_tablet=\u00a0\u00bb4rem\u00a0\u00bb header_font_size_phone=\u00a0\u00bb36px\u00a0\u00bb header_font_size_last_edited=\u00a0\u00bbon|phone\u00a0\u00bb locked=\u00a0\u00bboff\u00a0\u00bb global_colors_info=\u00a0\u00bb{}\u00a0\u00bb]<\/p>\n<h1 style=\"text-align: left;\">2022<\/h1>\n<p>[\/et_pb_text][et_pb_text _builder_version=\u00a0\u00bb4.21.0&Prime; _module_preset=\u00a0\u00bbdefault\u00a0\u00bb text_font_size=\u00a0\u00bb18px\u00a0\u00bb global_colors_info=\u00a0\u00bb{}\u00a0\u00bb]<\/p>\n<div class=\"et_pb_promo_description\">\n<p><b style=\"font-size: 18px;\"><strong><b style=\"font-size: 18px;\">4 d\u00e9cembre 2022<em style=\"font-size: 18px;\"> &#8211; <\/em><\/b><\/strong><\/b><em style=\"font-size: 18px;\">Nuit Blanche, <\/em><span style=\"font-size: 18px;\">Maison de la culture de Verdun, Montr\u00e9al &#8211; pr\u00e9sent\u00e9 par le <\/span><em style=\"font-size: 18px;\">CAM en tourn\u00e9e<\/em><br \/><span style=\"text-decoration: underline;\"><\/span><\/p>\n<p><b style=\"font-size: 18px;\"><strong><b style=\"font-size: 18px;\">3<\/b><\/strong><\/b><b style=\"font-size: 18px;\"><strong><b style=\"font-size: 18px;\">\u00a0d\u00e9cembre 2022<\/b><em style=\"font-size: 18px;\"> &#8211; <\/em><\/strong><\/b><em style=\"font-size: 18px;\">Nuit Blanche, <\/em><span style=\"font-size: 18px;\">Maison de la culture Montr\u00e9al-Nord, Montr\u00e9al &#8211; pr\u00e9sent\u00e9 par le <\/span><em style=\"font-size: 18px;\">CAM en tourn\u00e9e<\/em><\/p>\n<p><b><strong>20 novembre 2022 &#8211; <\/strong><\/b><em>R\u00e8gle de \u00a0trois, <\/em>Premi\u00e8re mondiale avec M\u00e9lanie L\u00e9onard et l&rsquo;orchestre<em> Symphonie Nouveau-Brunswick, <\/em>Capitol, Moncton<\/p>\n<p><b><strong>19 novembre 2022 &#8211; <\/strong><\/b><em>R\u00e8gle de \u00a0trois, <\/em>Premi\u00e8re mondiale avec M\u00e9lanie L\u00e9onard et l&rsquo;orchestre<em> Symphonie Nouveau-Brunswick, <\/em>Playhouse, Fredericton<\/p>\n<p><b><strong>17 novembre 2022 &#8211; <\/strong><\/b><em>R\u00e8gle de \u00a0trois, <\/em>Premi\u00e8re mondiale avec M\u00e9lanie L\u00e9onard et l&rsquo;orchestre<em> Symphonie Nouveau-Brunswick, <\/em>Imperial Theatre, Saint John<\/p>\n<p><b><strong>16 octobre 2022 &#8211; <\/strong><\/b><em>Nuit Blanche<\/em>, Maison de la Culture Janine-Sutto, Montr\u00e9al<\/p>\n<p><b><strong>6 octobre 2022 &#8211;\u00a0<\/strong><\/b><em>Nuit Blanche<\/em>, SCARFF, Sierraville, Californie<\/p>\n<p><b><strong>2 octobre 2022 &#8211;\u00a0<\/strong><\/b><em>Nuit Blanche<\/em>, Tempio di Musica, Grass Valley, Californie<\/p>\n<p><b><strong>1er octobre 2022 &#8211;\u00a0<\/strong><\/b><em>Nuit Blanche<\/em>, Clarion Performing Arts Center, San Francisco, Californie\u00a0<span style=\"text-decoration: underline;\"><\/span><\/p>\n<p><b><strong>30 septembre 2022 &#8211;\u00a0<\/strong><\/b><em>Nuit Blanche<\/em>, Concert priv\u00e9, Goldman Rhoda Plaza, San Francisco, Californie<\/p>\n<p><b style=\"font-size: 18px;\"><strong><b>29 septembre 2022 &#8211; <\/b><\/strong><\/b><em>Nuit Blanche<\/em>, Concert priv\u00e9, Sonoma Valley, Californie<\/p>\n<p><b style=\"font-size: 18px;\"><strong><b>22 septembre 2022 &#8211; <\/b><\/strong><\/b><em>Nuit Blanche<\/em>, Maison de la Culture du Plateau-Mont-Royal, Montr\u00e9al- pr\u00e9sent\u00e9 par le <em>CAM en tourn\u00e9e<\/em><\/p>\n<p><b style=\"font-size: 18px;\"><strong>16 septembre 2022\u00a0&#8211; <\/strong><\/b>Sortie de l&rsquo;album <em>Nuit Blanche<\/em><\/p>\n<p><b><strong>10 ao\u00fbt 2022 \u00a0&#8211; <\/strong><\/b><em>Nuit Blanche<\/em><b><strong>, <\/strong><\/b>Concerts aux \u00celes du Bic<a href=\"https:\/\/www.concertsauxilesdubic.org\/\" target=\"_blank\" rel=\"noopener\"><span style=\"text-decoration: underline;\"><\/span><\/a><\/p>\n<p><b><strong>4 ao\u00fbt 2022 &#8211; <\/strong><\/b><em>Danses \u00e0 quatre mains<\/em>, les Midis Aramusique, Repentigny\u00a0<span style=\"text-decoration: underline;\"><\/span><\/p>\n<p><b><strong>11 juillet 2022 &#8211;\u00a0<\/strong><\/b><em>Nuit Blanche,\u00a0<\/em>Camp musical du Saguenay-Lac-St-Jean, M\u00e9tabetchouan\u00a0<span style=\"text-decoration: underline;\"><\/span><\/p>\n<p><b><strong>3 juin 2022 &#8211; <\/strong><\/b>Festival Stella Musica \u00ab\u00a0Musique au f\u00e9minin\u00a0\u00bb, Montr\u00e9al<span style=\"text-decoration: underline;\"><\/span><\/p>\n<p><b><strong>4-6 mai 2022 &#8211;<\/strong><\/b>\u00a0Enregistrement de l&rsquo;album\u00a0<em>Nuit Blanche<\/em>, Montr\u00e9al<\/p>\n<p><b><strong>26 mars 2022 &#8211;\u00a0<\/strong><\/b><em>Nuit Blanche,\u00a0<\/em>Espace Culturel St-Gilles,\u00a0Brownsburg-Chatham\u00a0<span style=\"text-decoration: underline;\"><\/span><\/p>\n<p><b><strong>23 mars 2022 &#8211;\u00a0<\/strong><\/b><em>Nuit Blanche<\/em>, Maison de la culture Claude-L\u00e9veill\u00e9, Montr\u00e9al\u00a0<span style=\"text-decoration: underline;\"><\/span><\/p>\n<p><b>17 mars 2022 &#8211;<\/b><em style=\"font-weight: bold;\">\u00a0<span style=\"font-weight: normal;\">Extraits de Nuit Blanche<\/span><\/em>, Maison de la culture Claude-L\u00e9veill\u00e9, Montr\u00e9al\u00a0<span style=\"text-decoration: underline;\"><\/span><\/p>\n<p><b><strong>13 f\u00e9vrier 2022 &#8211;\u00a0<\/strong><\/b><em>Nuit Blanche<\/em>, Opus 130, Salle Roland-Brunelle, Joliette\u00a0<span style=\"text-decoration: underline;\"><\/span><\/p>\n<p><b>11 f\u00e9vrier 2022 &#8211; <\/b>Sortie de la Fantaisie pour 2 pianos de Scriabine sur les <a href=\"https:\/\/ffm.to\/fantasyfor2_duofortin-poirier\"><span style=\"text-decoration: underline;\">plateformes<\/span> d&rsquo;\u00e9coute num\u00e9riques<\/a>.<\/p>\n<p><strong>5 f\u00e9vrier 2022 &#8211;\u00a0<\/strong><em>Nuit Blanche<\/em>, Salle Joseph-Rouleau (Jeunesses Musicales du Canada), \u00a0Montr\u00e9al<\/p>\n<p><strong>6 janvier 2022 &#8211;\u00a0<\/strong>Sortie d&rsquo;un vid\u00e9oclip soulignant le 150e anniversaire de Scriabine<\/p>\n<p>&nbsp;<\/p>\n<\/div>\n<p>[\/et_pb_text][et_pb_text _builder_version=\u00a0\u00bb4.16&Prime; _module_preset=\u00a0\u00bbdefault\u00a0\u00bb header_font=\u00a0\u00bbgallery-modern|||on|||||\u00a0\u00bb header_font_size=\u00a0\u00bb4rem\u00a0\u00bb header_line_height=\u00a0\u00bb0.9em\u00a0\u00bb width=\u00a0\u00bb100%\u00a0\u00bb custom_margin=\u00a0\u00bb||25px||false|false\u00a0\u00bb animation_style=\u00a0\u00bbslide\u00a0\u00bb animation_direction=\u00a0\u00bbbottom\u00a0\u00bb animation_delay=\u00a0\u00bb1000ms\u00a0\u00bb animation_intensity_slide=\u00a0\u00bb30%\u00a0\u00bb animation_speed_curve=\u00a0\u00bbease\u00a0\u00bb header_font_size_tablet=\u00a0\u00bb4rem\u00a0\u00bb header_font_size_phone=\u00a0\u00bb36px\u00a0\u00bb header_font_size_last_edited=\u00a0\u00bbon|phone\u00a0\u00bb locked=\u00a0\u00bboff\u00a0\u00bb global_colors_info=\u00a0\u00bb{}\u00a0\u00bb]<\/p>\n<h1 style=\"text-align: left;\">2021<\/h1>\n<p>[\/et_pb_text][et_pb_text _builder_version=\u00a0\u00bb4.21.0&Prime; _module_preset=\u00a0\u00bbdefault\u00a0\u00bb text_font_size=\u00a0\u00bb18px\u00a0\u00bb global_colors_info=\u00a0\u00bb{}\u00a0\u00bb]<\/p>\n<div class=\"et_pb_promo_description\">\n<p><strong>13 novembre 2021 &#8211;<\/strong><em>Nuit Blanche<\/em>, Kin Exp\u00e9rience, Montr\u00e9al\u00a0<span style=\"text-decoration: underline;\"><\/span><\/p>\n<p><strong>26 septembre 2021\u00a0&#8211;\u00a0<\/strong><em>Nuit Blanche<\/em>, Concert sous le campanile, Saint-Bonaventure<\/p>\n<p><strong>17 septembre 2021 &#8211; <\/strong><em>Vingt doigts et un piano,<\/em> Quand l\u2019art prend l\u2019air, Outremont, Montr\u00e9al<\/p>\n<p><strong>12 septembre 2021 &#8211; <\/strong><em>Vingt doigts et un piano,<\/em> Quand l\u2019art prend l\u2019air, Mercier-Hochelaga-Maisonneuve, Montr\u00e9al<\/p>\n<p><strong>26 ao\u00fbt 2021 &#8211; <\/strong><em><span>\u00a0<\/span>Vingt doigts et un piano,<\/em> Quand l\u2019art prend l\u2019air, Villeray-St-Michel-Parc-Extension, Montr\u00e9al<\/p>\n<p><strong style=\"font-size: 18px;\">25 ao\u00fbt 2021 &#8211;<\/strong><em style=\"font-size: 18px;\">\u00a0Vingt doigts et un piano,<\/em><span style=\"font-size: 18px;\"> Concert priv\u00e9, Bel\u0153il<\/span><\/p>\n<p><strong style=\"font-size: 18px;\">28 juillet 2021\u00a0<em>&#8211;<\/em><\/strong><em style=\"font-size: 18px;\"> Vingt doigts et un piano<\/em><span style=\"font-size: 18px;\">, Aramusique, Repentigny<\/span><\/p>\n<p><b style=\"font-size: 18px;\">30 mai 2021 &#8211;\u00a0<\/b><em style=\"font-size: 18px;\">Nuit Blanche,<\/em><span style=\"font-size: 18px;\">\u00a0La Cenne, Montr\u00e9al<\/span><\/p>\n<p><strong style=\"font-size: 18px;\">29 mai 2021 &#8211;<\/strong><span style=\"font-size: 18px;\">\u00a0<\/span><em style=\"font-size: 18px;\">Nuit Blanche,<\/em><span style=\"font-size: 18px;\">\u00a0La Cenne, Montr\u00e9al<\/span><\/p>\n<p><strong style=\"font-size: 18px;\">27 mai 2021 &#8211;\u00a0<\/strong><span style=\"font-size: 18px;\">Premi\u00e8re du concert <\/span><em style=\"font-size: 18px;\">Nuit Blanche,\u00a0<\/em><span style=\"font-size: 18px;\">La Cenne, Montr\u00e9al<\/span><\/p>\n<p><strong style=\"font-size: 18px;\">29 avril 2021 &#8211;\u00a0<\/strong><span style=\"font-size: 18px;\">Ateliers et concerts scolaires, \u00c9cole Marie-Favery, Maison de la culture Claude-L\u00e9veill\u00e9e, Montr\u00e9al<\/span><\/p>\n<p><strong style=\"font-size: 18px;\">15 avril 2021 &#8211;\u00a0<\/strong><span style=\"font-size: 18px;\">Ateliers et concerts scolaires, \u00c9cole Marie-Favery, Maison de la culture Claude-L\u00e9veill\u00e9e, Montr\u00e9al<\/span><\/p>\n<p><span style=\"font-size: 18px;\"><\/span><\/p>\n<\/div>\n<p>[\/et_pb_text][\/et_pb_column][\/et_pb_row][et_pb_row _builder_version=\u00a0\u00bb4.16&Prime; _module_preset=\u00a0\u00bbdefault\u00a0\u00bb custom_padding=\u00a0\u00bb49px||49px||true|false\u00a0\u00bb global_colors_info=\u00a0\u00bb{}\u00a0\u00bb][et_pb_column type=\u00a0\u00bb4_4&Prime; _builder_version=\u00a0\u00bb4.16&Prime; _module_preset=\u00a0\u00bbdefault\u00a0\u00bb global_colors_info=\u00a0\u00bb{}\u00a0\u00bb][et_pb_text _builder_version=\u00a0\u00bb4.16&Prime; _module_preset=\u00a0\u00bbdefault\u00a0\u00bb header_font=\u00a0\u00bbgallery-modern|||on|||||\u00a0\u00bb header_font_size=\u00a0\u00bb4rem\u00a0\u00bb header_line_height=\u00a0\u00bb0.9em\u00a0\u00bb width=\u00a0\u00bb100%\u00a0\u00bb custom_margin=\u00a0\u00bb||25px||false|false\u00a0\u00bb animation_style=\u00a0\u00bbslide\u00a0\u00bb animation_direction=\u00a0\u00bbbottom\u00a0\u00bb animation_delay=\u00a0\u00bb1000ms\u00a0\u00bb animation_intensity_slide=\u00a0\u00bb30%\u00a0\u00bb animation_speed_curve=\u00a0\u00bbease\u00a0\u00bb header_font_size_tablet=\u00a0\u00bb4rem\u00a0\u00bb header_font_size_phone=\u00a0\u00bb36px\u00a0\u00bb header_font_size_last_edited=\u00a0\u00bbon|phone\u00a0\u00bb locked=\u00a0\u00bboff\u00a0\u00bb global_colors_info=\u00a0\u00bb{}\u00a0\u00bb]<\/p>\n<h1 style=\"text-align: left;\">2020<\/h1>\n<p>[\/et_pb_text][et_pb_text _builder_version=\u00a0\u00bb4.16&Prime; _module_preset=\u00a0\u00bbdefault\u00a0\u00bb text_font_size=\u00a0\u00bb18px\u00a0\u00bb global_colors_info=\u00a0\u00bb{}\u00a0\u00bb]<\/p>\n<p style=\"text-align: left;\"><strong>27 ao\u00fbt 2020 &#8211;<\/strong> <em>Vingt doigts et un piano,\u00a0<\/em>Ruelle verte\u00a0<em>La face cach\u00e9e de la rue,\u00a0<\/em> Montr\u00e9al<\/p>\n<p style=\"text-align: left;\"><strong>20 juin 2020 &#8211;\u00a0<\/strong><em>Vingt doigts et un piano, <\/em>Ruelle verte St-Dominique, Montr\u00e9al<\/p>\n<p style=\"text-align: left;\"><strong>27 mars 2020 &#8211;\u00a0<\/strong>Tourn\u00e9e de concerts de 10 jours,<strong>\u00a0<\/strong>Californie, USA\u00a0: ANNUL\u00c9<\/p>\n<p style=\"text-align: left;\"><strong>16 f\u00e9vrier 2020 &#8211;\u00a0<\/strong><em>M\u00e9moires<\/em>, Maison Lacha\u00eene, Ste-Th\u00e9r\u00e8se<\/p>\n<p>[\/et_pb_text][\/et_pb_column][\/et_pb_row][et_pb_row _builder_version=\u00a0\u00bb4.16&Prime; _module_preset=\u00a0\u00bbdefault\u00a0\u00bb custom_padding=\u00a0\u00bb49px||0px||false|false\u00a0\u00bb global_colors_info=\u00a0\u00bb{}\u00a0\u00bb][et_pb_column type=\u00a0\u00bb4_4&Prime; _builder_version=\u00a0\u00bb4.16&Prime; _module_preset=\u00a0\u00bbdefault\u00a0\u00bb global_colors_info=\u00a0\u00bb{}\u00a0\u00bb][et_pb_text _builder_version=\u00a0\u00bb4.16&Prime; _module_preset=\u00a0\u00bbdefault\u00a0\u00bb header_font=\u00a0\u00bbgallery-modern|||on|||||\u00a0\u00bb header_font_size=\u00a0\u00bb4rem\u00a0\u00bb header_line_height=\u00a0\u00bb0.9em\u00a0\u00bb width=\u00a0\u00bb100%\u00a0\u00bb custom_margin=\u00a0\u00bb||25px||false|false\u00a0\u00bb animation_style=\u00a0\u00bbslide\u00a0\u00bb animation_direction=\u00a0\u00bbbottom\u00a0\u00bb animation_delay=\u00a0\u00bb1000ms\u00a0\u00bb animation_intensity_slide=\u00a0\u00bb30%\u00a0\u00bb animation_speed_curve=\u00a0\u00bbease\u00a0\u00bb header_font_size_tablet=\u00a0\u00bb4rem\u00a0\u00bb header_font_size_phone=\u00a0\u00bb36px\u00a0\u00bb header_font_size_last_edited=\u00a0\u00bbon|phone\u00a0\u00bb locked=\u00a0\u00bboff\u00a0\u00bb global_colors_info=\u00a0\u00bb{}\u00a0\u00bb]<\/p>\n<h1 style=\"text-align: left;\">2019<\/h1>\n<p>[\/et_pb_text][et_pb_text _builder_version=\u00a0\u00bb4.16&Prime; _module_preset=\u00a0\u00bbdefault\u00a0\u00bb text_font_size=\u00a0\u00bb18px\u00a0\u00bb global_colors_info=\u00a0\u00bb{}\u00a0\u00bb]<\/p>\n<p style=\"text-align: left;\"><strong>22 septembre 2019 &#8211;\u00a0<\/strong><em>Memorias,<\/em><strong>\u00a0<\/strong>CENART, Mexico City,<strong>\u00a0<\/strong><a href=\"http:\/\/duofortinpoirier.com\/calendrier\">Festival en Blanco y Negro<\/a><\/p>\n<p style=\"text-align: left;\"><strong>21 septembre 2019 &#8211;\u00a0<\/strong>Masterclass,<strong>\u00a0<\/strong>CENART, Mexico City, <a href=\"http:\/\/duofortinpoirier.com\/calendrier\">Festival en Blanco y Negro<\/a><\/p>\n<p style=\"text-align: left;\"><strong>29 juin 2019 &#8211;\u00a0<\/strong>Duo Fortin-Poirier et Duo Cordelia, Vauvert, Lac-St-Jean, <a href=\"http:\/\/duofortinpoirier.com\/calendrier\">Ap\u00e9ro \u00e0 Vauvert<\/a><\/p>\n<p style=\"text-align: left;\"><b>6 juin 2019 &#8211;<\/b>\u00a0<em>Memorias<\/em>, Teatro El Pilar, La Paz, Mexique, Festival del Desierto<\/p>\n<p style=\"text-align: left;\"><strong>12 mai 2019 &#8211;\u00a0<\/strong><em>M\u00e9moires<\/em>, Stewart Hall, Pointe-Claire<\/p>\n<p style=\"text-align: left;\"><strong>4 mai 2019 &#8211;\u00a0<\/strong><em>M\u00e9moires<\/em>, Salle Jean-Desprez de la Maison des Citoyens, Gatineau,<strong>\u00a0<\/strong><a href=\"http:\/\/duofortinpoirier.com\/calendrier\">Concerts Ponticello<\/a><\/p>\n<p style=\"text-align: left;\"><strong>14 avril 2019 &#8211;\u00a0<\/strong><em>M\u00e9moires<\/em>,<strong>\u00a0<\/strong>Les concerts de la Chapelle Saint-Cyriac<\/p>\n<p style=\"text-align: left;\"><strong>5 avril 2019 &#8211;<\/strong><strong>\u00a0<\/strong>Dixie University, St. George, Utah<\/p>\n<p style=\"text-align: left;\"><strong>31 mars 2019 &#8211;\u00a0<\/strong><em>M\u00e9moires,<\/em> Rose Avenue Delight, Oakland, Californie<\/p>\n<p style=\"text-align: left;\"><strong>31 mars 2019 &#8211;\u00a0<\/strong><em>M\u00e9moires<\/em>,<strong>\u00a0<\/strong>House Concert, Walnut Creek, California<\/p>\n<p style=\"text-align: left;\"><strong>23 mars 2019 &#8211;\u00a0<\/strong><em>M\u00e9moires,<\/em><strong>\u00a0<\/strong>Souper-Concert, Sacramento, Californie<\/p>\n<p style=\"text-align: left;\"><strong>22 mars 2019 &#8211;\u00a0<\/strong><em>M\u00e9moires<\/em>,<strong>\u00a0<\/strong>Tempio di Musica, Grass Valley, Californie<\/p>\n<p style=\"text-align: left;\"><strong>21 mars 2019 &#8211;\u00a0<\/strong><em>M\u00e9moires,<\/em><strong>\u00a0<\/strong>Thursday Musical Club, San Rafael, Californie<\/p>\n<p style=\"text-align: left;\"><strong>10 mars 2019 &#8211;\u00a0<\/strong>Concert Poulenc, Choeur St-Laurent,<strong>\u00a0<\/strong>Salle de concert du\u00a0Conservatoire de Musique de Montr\u00e9al<\/p>\n<p style=\"text-align: left;\"><strong>9 mars 2019 &#8211;\u00a0<\/strong>Concert Poulenc, Choeur St-Laurent,\u00a0<strong>\u00a0<\/strong>Salle de concert du Conservatoire de Musique de Montr\u00e9al<\/p>\n<p style=\"text-align: left;\"><strong>24 f\u00e9vrier 2019 &#8211;\u00a0<\/strong><em>M\u00e9moires,<\/em><strong>\u00a0<\/strong>Denman Island Community Hall, BC,<strong>\u00a0<\/strong><a href=\"http:\/\/duofortinpoirier.com\/calendrier\">Concerts Denman \/ Arts Denman<\/a><\/p>\n<p style=\"text-align: left;\"><strong>23 f\u00e9vrier 2019 &#8211;\u00a0<\/strong><em>M\u00e9moires,<\/em><strong>\u00a0<\/strong>Quadra Island Recreation Society, Quadra Island, BC<\/p>\n<p style=\"text-align: left;\"><strong>22 f\u00e9vrier 2019 &#8211;\u00a0<\/strong>School Show,<strong>\u00a0<\/strong>Max Cameron Theatre, Powell River, BC<\/p>\n<p style=\"text-align: left;\"><strong>22 f\u00e9vrier 2019 &#8211;\u00a0<\/strong><em>M\u00e9moires,<\/em><strong>\u00a0<\/strong>Max Cameron Theatre, Powell River, BC<\/p>\n<p style=\"text-align: left;\"><strong>21\u00a0f\u00e9vrier 2019 &#8211;\u00a0<\/strong><em>M\u00e9moires<\/em>,<strong>\u00a0<\/strong>Oceanside Classical Concerts, Parkville, BC<\/p>\n<p style=\"text-align: left;\"><strong>16\u00a0f\u00e9vrier 2019 &#8211;\u00a0<\/strong>M\u00e9moires,<strong>\u00a0<\/strong>Centre Culture Francophone de Vancouver, BC,<strong>\u00a0<\/strong><a href=\"http:\/\/www.vancouversymphony.ca\/venues\/pyatt-hall\/\">Pyatt Hall<\/a><\/p>\n<p style=\"text-align: left;\"><strong>15 f\u00e9vrier 2019 &#8211;\u00a0<\/strong>Masterclass,<strong>\u00a0<\/strong>Shatford Centre of the Arts, Penticton BC<\/p>\n<p style=\"text-align: left;\"><strong>15 f\u00e9vrier 2019 &#8211;\u00a0<\/strong><em>M\u00e9moires<\/em>,<strong>\u00a0<\/strong>Frank Venables Theatre, Oliver BC, <a href=\"https:\/\/www.venablestheatre.ca\/\">Frank Venables Theatre<\/a><\/p>\n<p style=\"text-align: left;\"><strong>14 f\u00e9vrier 2019 &#8211;\u00a0<\/strong><em>M\u00e9moires,<\/em><strong>\u00a0<\/strong>Thompson University, Kamloops, BC<\/p>\n<p style=\"text-align: left;\"><strong>14 f\u00e9vrier 2019 &#8211;\u00a0<\/strong>M\u00e9moires,<strong>\u00a0<\/strong>North Okanagan Community Concert Association, Vernon, BC<\/p>\n<p style=\"text-align: left;\">\n<p style=\"text-align: left;\">\n<p>[\/et_pb_text][\/et_pb_column][\/et_pb_row][et_pb_row _builder_version=\u00a0\u00bb4.16&Prime; _module_preset=\u00a0\u00bbdefault\u00a0\u00bb custom_padding=\u00a0\u00bb49px||0px||false|false\u00a0\u00bb global_colors_info=\u00a0\u00bb{}\u00a0\u00bb][et_pb_column type=\u00a0\u00bb4_4&Prime; _builder_version=\u00a0\u00bb4.16&Prime; _module_preset=\u00a0\u00bbdefault\u00a0\u00bb global_colors_info=\u00a0\u00bb{}\u00a0\u00bb][et_pb_text _builder_version=\u00a0\u00bb4.16&Prime; _module_preset=\u00a0\u00bbdefault\u00a0\u00bb header_font=\u00a0\u00bbgallery-modern|||on|||||\u00a0\u00bb header_font_size=\u00a0\u00bb4rem\u00a0\u00bb header_line_height=\u00a0\u00bb0.9em\u00a0\u00bb width=\u00a0\u00bb100%\u00a0\u00bb custom_margin=\u00a0\u00bb||25px||false|false\u00a0\u00bb animation_style=\u00a0\u00bbslide\u00a0\u00bb animation_direction=\u00a0\u00bbbottom\u00a0\u00bb animation_delay=\u00a0\u00bb1000ms\u00a0\u00bb animation_intensity_slide=\u00a0\u00bb30%\u00a0\u00bb animation_speed_curve=\u00a0\u00bbease\u00a0\u00bb header_font_size_tablet=\u00a0\u00bb4rem\u00a0\u00bb header_font_size_phone=\u00a0\u00bb36px\u00a0\u00bb header_font_size_last_edited=\u00a0\u00bbon|phone\u00a0\u00bb locked=\u00a0\u00bboff\u00a0\u00bb global_colors_info=\u00a0\u00bb{}\u00a0\u00bb]<\/p>\n<h1 style=\"text-align: left;\">2018<\/h1>\n<p>[\/et_pb_text][et_pb_text _builder_version=\u00a0\u00bb4.16&Prime; _module_preset=\u00a0\u00bbdefault\u00a0\u00bb text_font_size=\u00a0\u00bb18px\u00a0\u00bb global_colors_info=\u00a0\u00bb{}\u00a0\u00bb]<\/p>\n<p style=\"text-align: left;\"><strong>29 novembre 2018 &#8211;\u00a0<\/strong><em>M\u00e9moires,<\/em> R\u00e9sidence Ste-Genevi\u00e8ve, Qu\u00e9bec,<strong>\u00a0<\/strong><a href=\"http:\/\/duofortinpoirier.com\/calendrier\">Inauguration du piano<\/a><\/p>\n<p style=\"text-align: left;\"><strong>11 novembre 2018 &#8211;\u00a0<\/strong><em>M\u00e9moires,\u00a0<\/em>Th\u00e9\u00e2tre du Marais, Val-Morin<\/p>\n<p style=\"text-align: left;\"><strong>21 octobre 2018 &#8211;\u00a0<\/strong><em>M\u00e9moires,<\/em><strong>\u00a0<\/strong>Centre des arts de Shawiniga<\/p>\n<p style=\"text-align: left;\"><strong>7 avril 2018 &#8211;\u00a0<\/strong><em>M\u00e9moires,\u00a0<\/em>La Grua Center, Stonnington, Connecticut<\/p>\n<p style=\"text-align: left;\"><strong>14 janvier 2018 &#8211;\u00a0<\/strong><em>M\u00e9moires,<\/em><strong>\u00a0<\/strong>La Belle Chapelle, Sherbrooke<\/p>\n<p>[\/et_pb_text][\/et_pb_column][\/et_pb_row][\/et_pb_section][et_pb_section fb_built=\u00a0\u00bb1&Prime; _builder_version=\u00a0\u00bb4.16&Prime; _module_preset=\u00a0\u00bbdefault\u00a0\u00bb global_colors_info=\u00a0\u00bb{}\u00a0\u00bb][et_pb_row _builder_version=\u00a0\u00bb4.16&Prime; _module_preset=\u00a0\u00bbdefault\u00a0\u00bb custom_padding=\u00a0\u00bb||||false|false\u00a0\u00bb global_colors_info=\u00a0\u00bb{}\u00a0\u00bb][et_pb_column type=\u00a0\u00bb4_4&Prime; _builder_version=\u00a0\u00bb4.16&Prime; _module_preset=\u00a0\u00bbdefault\u00a0\u00bb global_colors_info=\u00a0\u00bb{}\u00a0\u00bb][et_pb_text _builder_version=\u00a0\u00bb4.16&Prime; _module_preset=\u00a0\u00bbdefault\u00a0\u00bb header_font=\u00a0\u00bbgallery-modern|||on|||||\u00a0\u00bb header_font_size=\u00a0\u00bb4rem\u00a0\u00bb header_line_height=\u00a0\u00bb0.9em\u00a0\u00bb width=\u00a0\u00bb100%\u00a0\u00bb custom_margin=\u00a0\u00bb||0px||false|false\u00a0\u00bb animation_style=\u00a0\u00bbslide\u00a0\u00bb animation_direction=\u00a0\u00bbbottom\u00a0\u00bb animation_delay=\u00a0\u00bb1000ms\u00a0\u00bb animation_intensity_slide=\u00a0\u00bb30%\u00a0\u00bb animation_speed_curve=\u00a0\u00bbease\u00a0\u00bb header_font_size_tablet=\u00a0\u00bb4rem\u00a0\u00bb header_font_size_phone=\u00a0\u00bb36px\u00a0\u00bb header_font_size_last_edited=\u00a0\u00bbon|phone\u00a0\u00bb locked=\u00a0\u00bboff\u00a0\u00bb global_colors_info=\u00a0\u00bb{}\u00a0\u00bb]<\/p>\n<h1>Archives<\/h1>\n<p>[\/et_pb_text][\/et_pb_column][\/et_pb_row][et_pb_row _builder_version=\u00a0\u00bb4.16&Prime; _module_preset=\u00a0\u00bbdefault\u00a0\u00bb custom_margin=\u00a0\u00bb||75px||false|false\u00a0\u00bb custom_padding=\u00a0\u00bb0px|||||\u00a0\u00bb global_colors_info=\u00a0\u00bb{}\u00a0\u00bb][et_pb_column type=\u00a0\u00bb4_4&Prime; _builder_version=\u00a0\u00bb4.16&Prime; _module_preset=\u00a0\u00bbdefault\u00a0\u00bb global_colors_info=\u00a0\u00bb{}\u00a0\u00bb][et_pb_toggle title=\u00a0\u00bb2017&Prime; _builder_version=\u00a0\u00bb4.16&Prime; _module_preset=\u00a0\u00bbdefault\u00a0\u00bb body_font=\u00a0\u00bbRoboto||||||||\u00a0\u00bb global_colors_info=\u00a0\u00bb{}\u00a0\u00bb]<\/p>\n<p><strong><\/strong><\/p>\n<p><strong>2017-12-03\u00a0\u2014\u00a0<\/strong>M\u00e9moires<strong>\u00a0\u2014\u00a0<\/strong>Maison de la culture Montr\u00e9al-Nord<\/p>\n<p><strong>2017-11-30\u00a0\u2014\u00a0<\/strong>Lancement du disque M\u00e9moires<strong>\u00a0\u2014\u00a0<\/strong>DATE PR\u00c9CISE ET LIEU \u00c0 CONFIRMER (au cours de l&rsquo;automne)<\/p>\n<p><strong>2017-08-05\u00a0\u2014\u00a0<\/strong>M\u00e9moires<strong>\u00a0\u2014\u00a0<\/strong>Concerts aux \u00celes du Bic<strong>\u00a0\u2014\u00a0<\/strong><a href=\"http:\/\/www.bicmusique.com\/fr\/\">Festival de musique de chambre<\/a><\/p>\n<p><strong>2017-07-23\u00a0\u2014\u00a0<\/strong>Concert<strong>\u00a0\u2014\u00a0<\/strong>\u00c9glise Anglicane St-James the Apostle, Cacouna<strong>\u00a0\u2014\u00a0<\/strong><a href=\"https:\/\/www.facebook.com\/cacounaenconcerts\/?hc_ref=SEARCH&amp;fref=nf\">Cacouna en Concerts<\/a><\/p>\n<p><strong>2017-05-03\u00a0\u2014\u00a0<\/strong>M\u00e9moires<strong>\u00a0\u2014\u00a0<\/strong>Sarnia, Ontario<strong>\u00a0\u2014\u00a0<\/strong><a href=\"http:\/\/www.sarniaconcertassociation.ca\/duoFP.html\">Sarnia Concert Association<\/a><\/p>\n<p><strong>2017-05-02\u00a0\u2014\u00a0<\/strong>M\u00e9moires<strong>\u00a0\u2014\u00a0<\/strong>Midland, Ontario<strong>\u00a0\u2014\u00a0<\/strong><a href=\"http:\/\/www.brooksidemusic.com\/concerts-tickets\/upcoming-events\/\">Brookside Music Association<\/a><\/p>\n<p><strong>2017-04-29\u00a0\u2014\u00a0<\/strong>M\u00e9moires<strong>\u00a0\u2014\u00a0<\/strong>Baie-Comeau, Qu\u00e9bec<strong>\u00a0\u2014\u00a0<\/strong><a href=\"https:\/\/centredesartsbc.com\/programmation?field_categorie_value=All&amp;=Appliquer\">Centre des arts de Baie-Comeau<\/a><\/p>\n<p><strong>2017-04-15\u00a0\u2014\u00a0<\/strong>Twenty fingers and a piano<strong>\u00a0\u2014\u00a0<\/strong>St-Georges, Utah<strong>\u00a0\u2014\u00a0<\/strong><a href=\"http:\/\/duofortinpoirier.com\/calendrier\">Eccles Fine Arts Center Concert Hall<\/a><\/p>\n<p><strong>2017-04-11\u00a0\u2014\u00a0<\/strong>Twenty fingers and a piano<strong>\u00a0\u2014\u00a0<\/strong>Community Performing Arts Center, Green Valley, Arizona<\/p>\n<p><strong>2017-04-09\u00a0\u2014\u00a0<\/strong>Twenty fingers and a piano<strong>\u00a0\u2014\u00a0<\/strong>Oakland, Californie<strong>\u00a0\u2014\u00a0<\/strong><a href=\"http:\/\/concerts.roseavenue.com\/fortin-poirier.html\">Rose Ave Delight<\/a><\/p>\n<p><strong>2017-04-08\u00a0\u2014\u00a0<\/strong>Twenty fingers and a piano<strong>\u00a0\u2014\u00a0<\/strong>Souper-Concert, Sacramento, Californie<\/p>\n<p><strong>2017-04-07\u00a0\u2014\u00a0<\/strong>Twenty fingers and a piano<strong>\u00a0\u2014\u00a0<\/strong>Tempio di Musica, Grass Valley, Californie<\/p>\n<p><strong>2017-03-30\u00a0\u2014\u00a0<\/strong>Showcase-PACIFIC CONTACT<strong>\u00a0\u2014\u00a0<\/strong>Michael J.Fox Teatre, Vancouver, B.C<strong>\u00a0\u2014\u00a0<\/strong><a href=\"http:\/\/bctouring.org\/pacific-contact\/2017-showcase-artists\">Pacific Contact<\/a><\/p>\n<p><strong>2017-03-26\u00a0\u2014\u00a0<\/strong>M\u00e9moires<strong>\u00a0\u2014\u00a0<\/strong>Centre d&rsquo;arts de Sabrevois<\/p>\n<p><strong>2017-03-26\u00a0\u2014\u00a0<\/strong>M\u00e9moires<strong>\u00a0\u2014\u00a0<\/strong>Centre culturel de Notre-Dame-de-Gr\u00e2ce, Montr\u00e9al<strong>\u00a0\u2014\u00a0<\/strong><a href=\"http:\/\/duofortinpoirier.com\/calendrier\">Acc\u00e8s Culture<\/a><\/p>\n<p><strong>2017-03-18\u00a0\u2014\u00a0<\/strong>M\u00e9moires<strong>\u00a0\u2014\u00a0<\/strong>Alma, Qu\u00e9bec<strong>\u00a0\u2014\u00a0<\/strong><a href=\"http:\/\/www.almaspectacles.com\/spectacles\/duo-fortin-poirier\">Groupe Concerto<\/a><\/p>\n<p><strong>2017-02-19\u00a0\u2014\u00a0<\/strong>Concert<strong>\u00a0\u2014\u00a0<\/strong>Wolfville, Nouvelle-\u00c9cosse<strong>\u00a0\u2014\u00a0<\/strong><a href=\"http:\/\/www.debutatlantic.ca\/artist\/duo-fortin-poirier-piano-duo\">Debut Altantic<\/a><\/p>\n<p><strong>2017-02-17\u00a0\u2014\u00a0<\/strong>School Show<strong>\u00a0\u2014\u00a0<\/strong>Moncton, Nouveau-Brunswick<\/p>\n<p><strong>2017-02-17\u00a0\u2014\u00a0<\/strong>Concert<strong>\u00a0\u2014\u00a0<\/strong>Moncton, Nouveau-Brunswick<strong>\u00a0\u2014\u00a0<\/strong><a href=\"http:\/\/www.debutatlantic.ca\/artist\/duo-fortin-poirier-piano-duo\">Debut Altantic<\/a><\/p>\n<p><strong>2017-02-16\u00a0\u2014\u00a0<\/strong>School Show<strong>\u00a0\u2014\u00a0<\/strong>New Maryland, Nouveau-Brunswick<\/p>\n<p><strong>2017-02-15\u00a0\u2014\u00a0<\/strong>Concert<strong>\u00a0\u2014\u00a0<\/strong>Fredericton, Nouveau-Brunswick<strong>\u00a0\u2014\u00a0<\/strong><a href=\"http:\/\/www.debutatlantic.ca\/artist\/duo-fortin-poirier-piano-duo\">Debut Altantic<\/a><\/p>\n<p><strong>2017-02-14\u00a0\u2014\u00a0<\/strong>School Show<strong>\u00a0\u2014\u00a0<\/strong>Nackawic, Nouveau-Brunswick<\/p>\n<p><strong>2017-02-14\u00a0\u2014\u00a0<\/strong>School Show<strong>\u00a0\u2014\u00a0<\/strong>Centreville, Nouveau-Brunswick<\/p>\n<p><strong>2017-02-13\u00a0\u2014\u00a0<\/strong>School Show<strong>\u00a0\u2014\u00a0<\/strong>Sackville, Nouveau-Brunswick<\/p>\n<p><strong>2017-02-13\u00a0\u2014\u00a0<\/strong>School Show<strong>\u00a0\u2014\u00a0<\/strong>Moncton, Nouveau-Brunswick<\/p>\n<p><strong>2017-02-12\u00a0\u2014\u00a0<\/strong>Vingt doigts et un piano<strong>\u00a0\u2014\u00a0<\/strong>Amherst, Nouvelle-\u00c9cosse<strong>\u00a0\u2014\u00a0<\/strong><a href=\"http:\/\/www.debutatlantic.ca\/artist\/duo-fortin-poirier-piano-duo\">Debut Atlantic<\/a><\/p>\n<p><strong>2017-02-11\u00a0\u2014\u00a0<\/strong>Concert<strong>\u00a0\u2014\u00a0<\/strong>Antigonish, Nouvelle-\u00c9cosse<strong>\u00a0\u2014\u00a0<\/strong><a href=\"http:\/\/www.debutatlantic.ca\/artist\/duo-fortin-poirier-piano-duo\">Debut Altantic<\/a><\/p>\n<p><strong>2017-02-10\u00a0\u2014\u00a0<\/strong>WEBCAST\/ VIDEO CONFERENCE<strong>\u00a0\u2014\u00a0<\/strong>Centre for Distance Learning and Innovation, Halifax, Nouvelle-\u00c9cosse<\/p>\n<p><strong>2017-02-10\u00a0\u2014\u00a0<\/strong>Concert<strong>\u00a0\u2014\u00a0<\/strong>Dartmouth, Nouvelle-\u00c9cosse<strong>\u00a0\u2014\u00a0<\/strong><a href=\"http:\/\/www.debutatlantic.ca\/artist\/duo-fortin-poirier-piano-duo\">Debut Altantic<\/a><\/p>\n<p><strong>2017-02-09\u00a0\u2014\u00a0<\/strong>School Show<strong>\u00a0\u2014\u00a0<\/strong>Halifax, Nouvelle-\u00c9cosse<\/p>\n<p><strong>2017-02-09\u00a0\u2014\u00a0<\/strong>School Show<strong>\u00a0\u2014\u00a0<\/strong>Truro, Nouvelle-\u00c9cosse<\/p>\n<p><strong>2017-02-08\u00a0\u2014\u00a0<\/strong>Concert<strong>\u00a0\u2014\u00a0<\/strong>Halifax, Nouvelle-\u00c9cosse<strong>\u00a0\u2014\u00a0<\/strong><a href=\"http:\/\/www.debutatlantic.ca\/artist\/duo-fortin-poirier-piano-duo\">Debut Altantic<\/a><\/p>\n<p><strong>2017-02-06\u00a0\u2014\u00a0<\/strong>School Show<strong>\u00a0\u2014\u00a0<\/strong>Corner Brook, Terre-Neuve<\/p>\n<p><strong>2017-02-06\u00a0\u2014\u00a0<\/strong>Vingt doigts et un piano<strong>\u00a0\u2014\u00a0<\/strong>Corner Brook, Terre-Neuve<strong>\u00a0\u2014\u00a0<\/strong><a href=\"http:\/\/www.debutatlantic.ca\/artist\/duo-fortin-poirier-piano-duo\">Debut Atlantic<\/a><\/p>\n<p><strong>2017-02-04\u00a0\u2014\u00a0<\/strong>Vingt doigts et un piano<strong>\u00a0\u2014\u00a0<\/strong>Mahone Bay, Nouvelle-\u00c9cosse<strong>\u00a0\u2014\u00a0<\/strong><a href=\"http:\/\/www.debutatlantic.ca\/artist\/duo-fortin-poirier-piano-duo\">Debut Atlantic<\/a><\/p>\n<p><strong>2017-01-20\u00a0\u2014\u00a0<\/strong>M\u00e9moires<strong>\u00a0\u2014\u00a0<\/strong>Lakeshore, Qu\u00e9bec<\/p>\n<p>[\/et_pb_toggle][et_pb_toggle title=\u00a0\u00bb2016&Prime; _builder_version=\u00a0\u00bb4.16&Prime; _module_preset=\u00a0\u00bbdefault\u00a0\u00bb body_font=\u00a0\u00bbRoboto||||||||\u00a0\u00bb global_colors_info=\u00a0\u00bb{}\u00a0\u00bb]<\/p>\n<p><strong><\/strong><\/p>\n<p><strong>2016-11-17\u00a0\u2014\u00a0<\/strong>M\u00e9moires<strong>\u00a0\u2014\u00a0<\/strong>Beloeil, Qu\u00e9bec<strong>\u00a0\u2014\u00a0<\/strong><a href=\"http:\/\/beloeil.ca\/culture-et-loisirs\/lieux-de-culturel\/maison-de-la-culture-villebon\">Maison Villebon<\/a><\/p>\n<p><strong>2016-11-15\u00a0\u2014\u00a0<\/strong>M\u00e9moires<strong>\u00a0\u2014\u00a0<\/strong>Minnedosa United Church, Minnedosa, Manitoba<strong>\u00a0\u2014\u00a0<\/strong><a href=\"http:\/\/www.prairiedebut.com\/seasons\/2016-2017\/\">Prairie Debut<\/a><\/p>\n<p><strong>2016-11-12\u00a0\u2014\u00a0<\/strong>M\u00e9moires<strong>\u00a0\u2014\u00a0<\/strong>Trinity Lutheran Church,Estavan, Saskatchewan<strong>\u00a0\u2014\u00a0<\/strong><a href=\"http:\/\/www.prairiedebut.com\/seasons\/2016-2017\/\">Prairie Debut<\/a><\/p>\n<p><strong>2016-11-10\u00a0\u2014\u00a0<\/strong>M\u00e9moires<strong>\u00a0\u2014\u00a0<\/strong>CJVR Performing Arts Theatre, Melfort, Saskatchewan<strong>\u00a0\u2014\u00a0<\/strong><a href=\"http:\/\/www.prairiedebut.com\/seasons\/2016-2017\/\">Prairie Debut<\/a><\/p>\n<p><strong>2016-11-09\u00a0\u2014\u00a0<\/strong>M\u00e9moires<strong>\u00a0\u2014\u00a0<\/strong>Station Arts Theatre,Rosther, Saskatchewan<strong>\u00a0\u2014\u00a0<\/strong><a href=\"http:\/\/www.prairiedebut.com\/seasons\/2016-2017\/\">Prairie Debut<\/a><\/p>\n<p><strong>2016-11-07\u00a0\u2014\u00a0<\/strong>M\u00e9moires<strong>\u00a0\u2014\u00a0<\/strong>SRSS Theatre,Monday, Steinbach, Manitoba<strong>\u00a0\u2014\u00a0<\/strong><a href=\"http:\/\/www.prairiedebut.com\/seasons\/2016-2017\/\">Prairie Debut<\/a><\/p>\n<p><strong>2016-11-04\u00a0\u2014\u00a0<\/strong>M\u00e9moires<strong>\u00a0\u2014\u00a0<\/strong>Pinawa, Manitoba<strong>\u00a0\u2014\u00a0<\/strong><a href=\"http:\/\/www.prairiedebut.com\/seasons\/2016-2017\/\">Prairie Debut<\/a><\/p>\n<p><strong>2016-11-02\u00a0\u2014\u00a0<\/strong>M\u00e9moires<strong>\u00a0\u2014\u00a0<\/strong>Sioux Lookout, Ontario<strong>\u00a0\u2014\u00a0<\/strong><a href=\"http:\/\/siouxhudsonentertainmentseries.ca\/\">Sioux Hudson Entertainment<\/a><\/p>\n<p><strong>2016-10-30\u00a0\u2014\u00a0<\/strong>M\u00e9moires<strong>\u00a0\u2014\u00a0<\/strong>Orillia, Ontario<strong>\u00a0\u2014\u00a0<\/strong><a href=\"http:\/\/www.orilliaconcertassociation.com\/the-season\/\">Orillia Concert Association<\/a><\/p>\n<p><strong>2016-10-29\u00a0\u2014\u00a0<\/strong>Concert priv\u00e9<strong>\u00a0\u2014\u00a0<\/strong>Lindsay, Ontario<\/p>\n<p><strong>2016-10-08\u00a0\u2014\u00a0<\/strong>M\u00e9moires<strong>\u00a0\u2014\u00a0<\/strong>Yukon Arts Centre, Whitehorse, Yukon<strong>\u00a0\u2014\u00a0<\/strong><a href=\"http:\/\/www.prairiedebut.com\/seasons\/2016-2017\/\">Prairie Debut<\/a><\/p>\n<p><strong>2016-10-07\u00a0\u2014\u00a0<\/strong>School Show<strong>\u00a0\u2014\u00a0<\/strong>Whitehorse, Yukon<strong>\u00a0\u2014\u00a0<\/strong><a href=\"http:\/\/www.prairiedebut.com\/seasons\/2016-2017\/\">Prairie Debut<\/a><\/p>\n<p><strong>2016-10-04\u00a0\u2014\u00a0<\/strong>School Show<strong>\u00a0\u2014\u00a0<\/strong>Thompson, Manitoba<strong>\u00a0\u2014\u00a0<\/strong><a href=\"http:\/\/www.prairiedebut.com\/seasons\/2016-2017\/\">Prairie Debut<\/a><\/p>\n<p><strong>2016-10-04\u00a0\u2014\u00a0<\/strong>School Show<strong>\u00a0\u2014\u00a0<\/strong>Thompson, Manitoba<strong>\u00a0\u2014\u00a0<\/strong><a href=\"http:\/\/www.prairiedebut.com\/seasons\/2016-2017\/\">Prairie Debut<\/a><\/p>\n<p><strong>2016-10-03\u00a0\u2014\u00a0<\/strong>Youth Show<strong>\u00a0\u2014\u00a0<\/strong>Ravna House Concerts, Snow Lake, Manitoba\u00a0\u00a0<strong>\u2014\u00a0<\/strong><a href=\"http:\/\/www.prairiedebut.com\/seasons\/2016-2017\/\">Prairie Debut<\/a><\/p>\n<p><strong>2016-10-03\u00a0\u2014\u00a0<\/strong>M\u00e9moires<strong>\u00a0\u2014\u00a0<\/strong>Ravna House Concerts, Snow Lake, Manitoba\u00a0\u00a0<strong>\u2014\u00a0<\/strong><a href=\"http:\/\/www.prairiedebut.com\/seasons\/2016-2017\/\">Prairie Debut<\/a><\/p>\n<p><strong>2016-10-01\u00a0\u2014\u00a0<\/strong>M\u00e9moires<strong>\u00a0\u2014\u00a0<\/strong>Altona Bergthaler Mennonite Church, Altona, Manitoba<strong>\u00a0\u2014\u00a0<\/strong><a href=\"http:\/\/www.prairiedebut.com\/seasons\/2016-2017\/\">Prairie Debut<\/a><\/p>\n<p><strong>2016-09-17\u00a0\u2014\u00a0<\/strong>M\u00e9moires<strong>\u00a0\u2014\u00a0<\/strong>Regina Musical Club in Riddell Centre Theatre, R\u00e9gina, Saskatchewan<strong>\u00a0\u2014\u00a0<\/strong><a href=\"http:\/\/www.prairiedebut.com\/seasons\/2016-2017\/\">Prairie Debut<\/a><\/p>\n<p><strong>2016-05-13\u00a0\u2014\u00a0<\/strong>Concert priv\u00e9<strong>\u00a0\u2014\u00a0<\/strong>Sainte-Th\u00e9r\u00e8se<\/p>\n<p><strong>2016-05-08\u00a0\u2014\u00a0<\/strong>Carmina Burana &#8211; Choeur des jeunes de Laval<strong>\u00a0\u2014\u00a0<\/strong>Salle de concert du Conservatoire de Musique de Montr\u00e9al<strong>\u00a0\u2014\u00a0<\/strong><a href=\"http:\/\/www.petitschanteursdelaval.ca\/event\/carmina-burana\/\">Infos<\/a><strong>\u00a0\u2014\u00a0<\/strong><a href=\"https:\/\/www.facebook.com\/events\/207779049601591\/\">Facebook\u00a0<\/a><\/p>\n<p><strong>2016-04-30\u00a0\u2014\u00a0<\/strong>Vingt doigts et un piano<strong>\u00a0\u2014\u00a0<\/strong>Saint-Camille<strong>\u00a0\u2014\u00a0<\/strong><a href=\"http:\/\/lesconcertsdelachapelle.com\/\">Les Concerts de la Chapelle<\/a><\/p>\n<p><strong>2016-04-28\u00a0\u2014\u00a0<\/strong>Vingt doigts et un piano<strong>\u00a0\u2014\u00a0<\/strong>ARAMUSIQUE, \u00c9glise St-Paul-l&rsquo;Ermite<strong>\u00a0\u2014\u00a0<\/strong><a href=\"http:\/\/www.aramusique.org\/index.jsp?p=195\">Billets<\/a><\/p>\n<p><strong>2016-02-21\u00a0\u2014\u00a0<\/strong>Vingt doigts et un piano<strong>\u00a0\u2014\u00a0<\/strong>Pavillons des Arts de Coaticook<strong>\u00a0\u2014\u00a0<\/strong><a href=\"http:\/\/pavillondesarts.qc.ca\/fr\/programmation\/2015-2016\/duo_fortin_poirier\">Billets<\/a><\/p>\n<p><strong>2016-01-31\u00a0\u2014\u00a0<\/strong>Concert-b\u00e9n\u00e9fice pour le Concours de Musique du Canada<strong>\u00a0\u2014\u00a0<\/strong>Salle Ana\u00efs-Allard-Rousseau, Trois-Rivi\u00e8res<strong>\u00a0\u2014\u00a0<\/strong><a href=\"http:\/\/www.enspectacle.ca\/artistes\/concours-de-musique-du-canada\/duo-fortin-poirier\">Billets<\/a><\/p>\n<p><strong>2016-01-23\u00a0\u2014\u00a0<\/strong>Vingt doigts et un piano<strong>\u00a0\u2014\u00a0<\/strong>Salle les Fr\u00e8res Lemaire, Victoriaville<strong>\u00a0\u2014\u00a0<\/strong><a href=\"http:\/\/www.lecarre150.com\/spectacle\/detail\/Duo-Fortin-Poirier\/Vingt-doigts-et-un-piano\/23-01-2016-20-00\">Diffusion Momentum<\/a><\/p>\n<p>[\/et_pb_toggle][et_pb_toggle title=\u00a0\u00bb2015&Prime; _builder_version=\u00a0\u00bb4.16&Prime; _module_preset=\u00a0\u00bbdefault\u00a0\u00bb body_font=\u00a0\u00bbRoboto||||||||\u00a0\u00bb global_colors_info=\u00a0\u00bb{}\u00a0\u00bb]<\/p>\n<p><strong><\/strong><\/p>\n<p><strong>2015-11-28\u00a0\u2014\u00a0<\/strong>M\u00e9moires<strong>\u00a0\u2014\u00a0<\/strong>Lindsay, Ontario<strong>\u00a0\u2014\u00a0<\/strong><a href=\"http:\/\/kawarthaconcerts.ca\/\">Ovation Series: Kawartha Concerts<\/a><\/p>\n<p><strong>2015-11-27\u00a0\u2014\u00a0<\/strong>M\u00e9moires<strong>\u00a0\u2014\u00a0<\/strong>Peterborough, Ontario<strong>\u00a0\u2014\u00a0<\/strong><a href=\"http:\/\/kawarthaconcerts.ca\/bravo-series\/2015\/11\/27\/duo-fortin-poirier-piano-duo\">Bravo Series: Kawartha Concerts<\/a><\/p>\n<p><strong>2015-11-21\u00a0\u2014\u00a0<\/strong>Twenty Fingers and a Pianoy<strong>\u00a0\u2014\u00a0<\/strong>Cornwall, Ontario<strong>\u00a0\u2014\u00a0<\/strong><a href=\"http:\/\/www.cornwallconcertseries.com\/\">Cornwall Concert Series<\/a><\/p>\n<p><strong>2015-11-14\u00a0\u2014\u00a0<\/strong>Vingt doigts et deux pianos<strong>\u00a0\u2014\u00a0<\/strong>Rimouski<strong>\u00a0\u2014\u00a0<\/strong><a href=\"http:\/\/duofortinpoirier.com\/calendrier\">Spect&rsquo;art Rimouski<\/a><\/p>\n<p><strong>2015-10-23\u00a0\u2014\u00a0<\/strong>Vitrine\u00a0<strong>\u2014\u00a0<\/strong>Flin Flon, Manitoba<strong>\u00a0\u2014\u00a0<\/strong><a href=\"http:\/\/www.manitobaartsnetwork.ca\/manitoba-showcase.html\">Manitoba Arts Network<\/a><\/p>\n<p><strong>2015-10-12\u00a0\u2014\u00a0<\/strong>Vingt doigts et un piano<strong>\u00a0\u2014\u00a0<\/strong>Centre d\u2019h\u00e9bergement des Seigneurs, Montr\u00e9al<strong>\u00a0\u2014\u00a0<\/strong><a href=\"http:\/\/duofortinpoirier.com\/calendrier\">Soci\u00e9t\u00e9 pour les arts en milieux de sant\u00e9<\/a><\/p>\n<p><strong>2015-09-10\u00a0\u2014\u00a0<\/strong>Lancement de saison<strong>\u00a0\u2014\u00a0<\/strong>Le Carr\u00e9 150, Victoriaville<strong>\u00a0\u2014\u00a0<\/strong><a href=\"http:\/\/www.lecarre150.com\/Spectacle\">Diffusion Momentum<\/a><\/p>\n<p><strong>2015-09-07\u00a0\u2014\u00a0<\/strong>Vingt doigts et un piano<strong>\u00a0\u2014\u00a0<\/strong>Sc\u00e8ne principale<strong>\u00a0\u2014\u00a0<\/strong><a href=\"http:\/\/www.laurentides.com\/fr\/activites\/la-fete-de-la-musique\">F\u00eate de la Musique de Tremblant<\/a><\/p>\n<p><strong>2015-07-04\u00a0\u2014\u00a0<\/strong>Feux d&rsquo;artifices\u00a0<strong>\u2014\u00a0<\/strong>Amphith\u00e9\u00e2tre P\u00e8re-Lindsay, Joliette<strong>\u00a0\u2014\u00a0<\/strong><a href=\"http:\/\/lanaudiere.org\/fr\/event\/feux-dartifices\/\">Festival International de Lanaudi\u00e8re<\/a><\/p>\n<p><strong>2015-04-10\u00a0\u2014\u00a0<\/strong>M\u00e9moires<strong>\u00a0\u2014\u00a0<\/strong>Chapelle Historique du Bon-Pasteur<\/p>\n<p><strong>2015-03-27\u00a0\u2014\u00a0<\/strong>M\u00e9moires<strong>\u00a0\u2014\u00a0<\/strong>Maison Antoine-Lacombe, St-Charles-Borrom\u00e9e<strong>\u00a0\u2014\u00a0<\/strong><a href=\"http:\/\/www.antoinelacombe.com\/\">Infos<\/a><\/p>\n<p><strong>2015-03-26\u00a0\u2014\u00a0<\/strong>Vingt doigts et un piano<strong>\u00a0\u2014\u00a0<\/strong>Studio-Th\u00e9\u00e2tre de la Place des Arts<strong>\u00a0\u2014\u00a0<\/strong><a href=\"http:\/\/promusica.qc.ca\/?page_id=378\">S\u00e9rie Les M\u00e9lod\u00eenes, Promusica<\/a><\/p>\n<p><strong>2015-03-21\u00a0\u2014\u00a0<\/strong>Twenty Fingers and a Piano<strong>\u00a0\u2014\u00a0<\/strong>Stonington, Connecticut (USA)<strong>\u00a0\u2014\u00a0<\/strong><a href=\"https:\/\/lagruacenter.org\/\">La Grua Center<\/a><\/p>\n<p><strong>2015-02-26\u00a0\u2014\u00a0<\/strong>M\u00e9moires<strong>\u00a0\u2014\u00a0<\/strong>Maison de la Culture Villeray<strong>\u00a0\u2014\u00a0<\/strong><a href=\"http:\/\/ville.montreal.qc.ca\/pls\/portal\/docs\/PAGE\/ARROND_VSP_FR\/MEDIA\/DOCUMENTS\/UN%20TEMPS%20POUR%20L%27ART_WEB_HP2015.PDF\">Infos<\/a><\/p>\n<p><strong>2015-02-20\u00a0\u2014\u00a0<\/strong>Solistes invit\u00e9es avec l&rsquo;OJQM<strong>\u00a0\u2014\u00a0<\/strong>Salle Telus-Desjardins, Rimouski<\/p>\n<p><strong>2015-02-16\u00a0\u2014\u00a0<\/strong>Vingt doigts et un piano<strong>\u00a0\u2014\u00a0<\/strong>Roberval<strong>\u00a0\u2014\u00a0<\/strong><a href=\"http:\/\/duofortinpoirier.com\/calendrier\">Entr\u00e9es en sc\u00e8ne Loto-Qu\u00e9bec<\/a><\/p>\n<p><strong>2015-01-25\u00a0\u2014\u00a0<\/strong>Vingt doigts et un piano<strong>\u00a0\u2014\u00a0<\/strong>S\u00e9rie de musique de chambre d&rsquo;Hudson<\/p>\n<p>[\/et_pb_toggle][et_pb_toggle title=\u00a0\u00bb2014&Prime; _builder_version=\u00a0\u00bb4.16&Prime; _module_preset=\u00a0\u00bbdefault\u00a0\u00bb body_font=\u00a0\u00bbRoboto||||||||\u00a0\u00bb global_colors_info=\u00a0\u00bb{}\u00a0\u00bb]<\/p>\n<p><strong><\/strong><\/p>\n<p><strong>2014-12-03\u00a0\u2014\u00a0<\/strong>M\u00e9moires<strong>\u00a0\u2014\u00a0<\/strong>Biblioth\u00e8que de Ville d&rsquo;Anjou<strong>\u00a0\u2014\u00a0<\/strong><a href=\"http:\/\/ville.montreal.qc.ca\/pls\/portal\/docs\/PAGE\/ARROND_ANJ_FR\/MEDIA\/DOCUMENTS\/CULTURE_ET_BIBLIOTH%C8QUES.PDF\">Infos<\/a><\/p>\n<p><strong>2014-11-21\u00a0\u2014\u00a0<\/strong>Premi\u00e8re du concert M\u00e9moires<strong>\u00a0\u2014\u00a0<\/strong>Conservatoire de Musique de Montr\u00e9al<\/p>\n<p><strong>2014-11-08\u00a0\u2014\u00a0<\/strong>Vitrine<strong>\u00a0\u2014\u00a0<\/strong>Midland, Ontario<strong>\u00a0\u2014\u00a0<\/strong><a href=\"http:\/\/ontariocontact.ca\/showcase-artists\/duo-fortin-poirier\">Ontario Contact<\/a><\/p>\n<p><strong>2014-10-26\u00a0\u2014\u00a0<\/strong>Vingt doigts et un piano<strong>\u00a0\u2014\u00a0<\/strong>Restaurant Fourquet Fourchette, Chambly<\/p>\n<p><strong>2014-10-25\u00a0\u2014\u00a0<\/strong>Concert priv\u00e9<strong>\u00a0\u2014\u00a0<\/strong>Montr\u00e9al<\/p>\n<p><strong>2014-09-21\u00a0\u2014\u00a0<\/strong>Vingt doigts et un piano<strong>\u00a0\u2014\u00a0<\/strong>Maison musicale de Warwick<\/p>\n<p><strong>2014-08-20\u00a0\u2014\u00a0<\/strong>\u00c9v\u00e8nement \u00a0\u00bbTout le monde en m\u00eame temps\u00a0\u00bb<strong>\u00a0\u2014\u00a0<\/strong>Piano public station Laurier, Montr\u00e9al<strong>\u00a0\u2014\u00a0<\/strong><a href=\"http:\/\/ville.montreal.qc.ca\/portal\/page?_pageid=5798,127837570&amp;_dad=portal&amp;_schema=PORTAL\">Pianos Publics<\/a><\/p>\n<p><strong>2014-07-28\u00a0\u2014\u00a0<\/strong>Semaine en r\u00e9sidence<strong>\u00a0\u2014\u00a0<\/strong>Chapelle Historique du Bon-Pasteur, Montr\u00e9al<\/p>\n<p><strong>2014-04-27\u00a0\u2014\u00a0<\/strong>Concert priv\u00e9<strong>\u00a0\u2014\u00a0<\/strong>L\u00e9ry, Qu\u00e9bec<\/p>\n<p><strong>2014-04-13\u00a0\u2014\u00a0<\/strong>Vingt doigts et un piano<strong>\u00a0\u2014\u00a0<\/strong>Centre Culturel de Pierrefonds, Pierrefonds<strong>\u00a0\u2014\u00a0<\/strong><a href=\"http:\/\/duofortinpoirier.com\/calendrier\">Entr\u00e9es en sc\u00e8ne Loto-Qu\u00e9bec<\/a><\/p>\n<p><strong>2014-04-05\u00a0\u2014\u00a0<\/strong>Vingt doigts et un piano<strong>\u00a0\u2014\u00a0<\/strong>Salle Desjardins Maria-Chapdelaine, Dolbeau-Mistassini<strong>\u00a0\u2014\u00a0<\/strong><a href=\"http:\/\/duofortinpoirier.com\/calendrier\">Entr\u00e9es en sc\u00e8ne Loto-Qu\u00e9bec<\/a><\/p>\n<p><strong>2014-03-23\u00a0\u2014\u00a0<\/strong>Vingt doigts et un piano<strong>\u00a0\u2014\u00a0<\/strong>Centre multifonctionnel de Saint-Lambert<\/p>\n<p><strong>2014-03-22\u00a0\u2014\u00a0<\/strong>Vingt doigts et un piano<strong>\u00a0\u2014\u00a0<\/strong>Centre Culturel Pauline-Julien, Trois-Rivi\u00e8res<strong>\u00a0\u2014\u00a0<\/strong><a href=\"http:\/\/duofortinpoirier.com\/calendrier\">Entr\u00e9es en sc\u00e8ne Loto-Qu\u00e9bec<\/a><\/p>\n<p><strong>2014-03-02\u00a0\u2014\u00a0<\/strong>Vingt doigts et un piano<strong>\u00a0\u2014\u00a0<\/strong>\u00c9glise St-Joseph, Rivi\u00e8re-des-Prairies<strong>\u00a0\u2014\u00a0<\/strong><a href=\"http:\/\/duofortinpoirier.com\/calendrier\">Entr\u00e9es en sc\u00e8ne Loto-Qu\u00e9bec<\/a><\/p>\n<p><strong>2014-02-23\u00a0\u2014\u00a0<\/strong>Vingt doigts et un piano<strong>\u00a0\u2014\u00a0<\/strong>Salle Andr\u00e9-Gagnon du C\u00e9gep de La Pocati\u00e8re<strong>\u00a0\u2014\u00a0<\/strong><a href=\"http:\/\/duofortinpoirier.com\/calendrier\">Entr\u00e9es en sc\u00e8ne Loto-Qu\u00e9bec<\/a><\/p>\n<p><strong>2014-02-22\u00a0\u2014\u00a0<\/strong>Vingt doigts et un piano<strong>\u00a0\u2014\u00a0<\/strong>Centre d\u2019art de Richmond, Richmond<strong>\u00a0\u2014\u00a0<\/strong><a href=\"http:\/\/duofortinpoirier.com\/calendrier\">Entr\u00e9es en sc\u00e8ne Loto-Qu\u00e9bec<\/a><\/p>\n<p><strong>2014-02-15\u00a0\u2014\u00a0<\/strong>Vingt doigts et un piano<strong>\u00a0\u2014\u00a0<\/strong>Th\u00e9\u00e2tre du Marais, Val-Morin<strong>\u00a0\u2014\u00a0<\/strong><a href=\"http:\/\/duofortinpoirier.com\/calendrier\">Entr\u00e9es en sc\u00e8ne Loto-Qu\u00e9bec<\/a><\/p>\n<p><strong>2014-02-02\u00a0\u2014\u00a0<\/strong>Vingt doigts et un piano<strong>\u00a0\u2014\u00a0<\/strong>Centre Culturel de Pointe-Claire, Stewart Hall<strong>\u00a0\u2014\u00a0<\/strong><a href=\"http:\/\/duofortinpoirier.com\/calendrier\">Entr\u00e9es en sc\u00e8ne Loto-Qu\u00e9bec<\/a><\/p>\n<p><strong>2014-02-01\u00a0\u2014\u00a0<\/strong>Vingt doigts et un piano<strong>\u00a0\u2014\u00a0<\/strong>Pr\u00e9vost<strong>\u00a0\u2014\u00a0<\/strong><a href=\"http:\/\/duofortinpoirier.com\/calendrier\">Diffusion Amal&rsquo;Gamme<\/a><\/p>\n<p>[\/et_pb_toggle][et_pb_toggle title=\u00a0\u00bb2013&Prime; _builder_version=\u00a0\u00bb4.16&Prime; _module_preset=\u00a0\u00bbdefault\u00a0\u00bb body_font=\u00a0\u00bbRoboto||||||||\u00a0\u00bb global_colors_info=\u00a0\u00bb{}\u00a0\u00bb]<\/p>\n<p><strong><\/strong><\/p>\n<p><strong>2013-12-01\u00a0\u2014\u00a0<\/strong>Vingt doigts et un piano<strong>\u00a0\u2014\u00a0<\/strong>Salle Jean-Pierre-Houde, Ch\u00e2tauguay<strong>\u00a0\u2014\u00a0<\/strong><a href=\"http:\/\/duofortinpoirier.com\/calendrier\">Entr\u00e9es en sc\u00e8ne Loto-Qu\u00e9bec<\/a><\/p>\n<p><strong>2013-11-24\u00a0\u2014\u00a0<\/strong>Vingt doigts et un piano<strong>\u00a0\u2014\u00a0<\/strong>Centre des loisirs de Saint-Laurent, Ville Saint-Laurent<strong>\u00a0\u2014\u00a0<\/strong><a href=\"http:\/\/duofortinpoirier.com\/calendrier\">Entr\u00e9es en sc\u00e8ne Loto-Qu\u00e9bec<\/a><\/p>\n<p><strong>2013-11-23\u00a0\u2014\u00a0<\/strong>Vingt doigts et un piano<strong>\u00a0\u2014\u00a0<\/strong>Saint-Hyacinthe<strong>\u00a0\u2014\u00a0<\/strong><a href=\"http:\/\/duofortinpoirier.com\/calendrier\">Entr\u00e9es en sc\u00e8ne Loto-Qu\u00e9bec<\/a><\/p>\n<p><strong>2013-11-21\u00a0\u2014\u00a0<\/strong>Vingt doigts et un piano<strong>\u00a0\u2014\u00a0<\/strong>Auditorium Le Pr\u00e9vost, Montr\u00e9al<strong>\u00a0\u2014\u00a0<\/strong><a href=\"http:\/\/duofortinpoirier.com\/calendrier\">Entr\u00e9es en sc\u00e8ne Loto-Qu\u00e9bec<\/a><\/p>\n<p><strong>2013-11-17\u00a0\u2014\u00a0<\/strong>Vingt doigts et un piano<strong>\u00a0\u2014\u00a0<\/strong>Maison de la Culture Marie-Uguay, Montr\u00e9al<strong>\u00a0\u2014\u00a0<\/strong><a href=\"http:\/\/duofortinpoirier.com\/calendrier\">Entr\u00e9es en sc\u00e8ne Loto-Qu\u00e9bec<\/a><\/p>\n<p><strong>2013-11-01\u00a0\u2014\u00a0<\/strong>Concours International Rome 2013<strong>\u00a0\u2014\u00a0<\/strong>Rome, Italie<strong>\u00a0\u2014\u00a0<\/strong><a href=\"http:\/\/duofortinpoirier.com\/calendrier\">1er au 11 novembre<\/a><\/p>\n<p><strong>2013-10-20\u00a0\u2014\u00a0<\/strong>Vingt doigts et un piano<strong>\u00a0\u2014\u00a0<\/strong>Centre Culturel Henri-Lemieux, Lasalle<strong>\u00a0\u2014\u00a0<\/strong><a href=\"http:\/\/duofortinpoirier.com\/calendrier\">Entr\u00e9es en sc\u00e8ne Loto-Qu\u00e9bec<\/a><\/p>\n<p><strong>2013-10-15\u00a0\u2014\u00a0<\/strong>Vingt doigts et un piano<strong>\u00a0\u2014\u00a0<\/strong>Maison de la Culture Ahuntsic, Montr\u00e9al<strong>\u00a0\u2014\u00a0<\/strong><a href=\"http:\/\/duofortinpoirier.com\/calendrier\">Entr\u00e9es en sc\u00e8ne Loto-Qu\u00e9bec<\/a><\/p>\n<p><strong>2013-09-29\u00a0\u2014\u00a0<\/strong>Vingt doigts et un piano<strong>\u00a0\u2014\u00a0<\/strong>Maison de la culture Francis Brisson, Shawinigan<strong>\u00a0\u2014\u00a0<\/strong><a href=\"http:\/\/duofortinpoirier.com\/calendrier\">Entr\u00e9es en sc\u00e8ne Loto-Qu\u00e9bec<\/a><\/p>\n<p><strong>2013-08-23\u00a0\u2014\u00a0<\/strong>Vingt doigts et un piano<strong>\u00a0\u2014\u00a0<\/strong>Rendez-vous musical de Laterri\u00e8re<\/p>\n<p><strong>2013-08-14\u00a0\u2014\u00a0<\/strong>Vingt doigts et un piano<strong>\u00a0\u2014\u00a0<\/strong>Salle Pauline-Julien, Ste-Genevi\u00e8ve<strong>\u00a0\u2014\u00a0<\/strong><a href=\"http:\/\/duofortinpoirier.com\/calendrier\">Entr\u00e9es en sc\u00e8ne Loto-Qu\u00e9bec<\/a><\/p>\n<p><strong>2013-07-31\u00a0\u2014\u00a0<\/strong>Vingt doigts et un piano<strong>\u00a0\u2014\u00a0<\/strong>Vieux Treuil, Iles-de-la-Madeleine<strong>\u00a0\u2014\u00a0<\/strong><a href=\"http:\/\/duofortinpoirier.com\/calendrier\">Entr\u00e9es en sc\u00e8ne Loto-Qu\u00e9bec<\/a><\/p>\n<p><strong>2013-07-24\u00a0\u2014\u00a0<\/strong>Vingt doigts et un piano<strong>\u00a0\u2014\u00a0<\/strong>Maison Trestler, Vaudreuil-Dorion<\/p>\n<p><strong>2013-06-12\u00a0\u2014\u00a0<\/strong>Vingt doigts et un piano<strong>\u00a0\u2014\u00a0<\/strong>Maison de la Musique, Sorel-Tracy<\/p>\n<p><strong>2013-05-26\u00a0\u2014\u00a0<\/strong>Vingt doigts et un piano<strong>\u00a0\u2014\u00a0<\/strong>Centre d\u2019Arts, Orford<\/p>\n<p><strong>2013-03-24\u00a0\u2014\u00a0<\/strong>Vingt doigts et un piano, TOME 2<strong>\u00a0\u2014\u00a0<\/strong>Maison de la culture du Plateau-Mont-Royal, Montr\u00e9al<\/p>\n<p><strong>2013-02-24\u00a0\u2014\u00a0<\/strong>Vingt doigts et un piano<strong>\u00a0\u2014\u00a0<\/strong>Gatineau<strong>\u00a0\u2014\u00a0<\/strong><a href=\"http:\/\/www.ponticello.ca\/\">Les Concerts Ponticello<\/a><\/p>\n<p><strong>2013-02-18\u00a0\u2014\u00a0<\/strong>Vitrine: Vingt doigts et un piano<strong>\u00a0\u2014\u00a0<\/strong>Le Capitole de Qu\u00e9bec<strong>\u00a0\u2014\u00a0<\/strong><a href=\"http:\/\/duofortinpoirier.com\/calendrier\">Entr\u00e9es en sc\u00e8ne Loto-Qu\u00e9bec<\/a><\/p>\n<p><strong>2013-02-10\u00a0\u2014\u00a0<\/strong>Vingt doigts et un piano<strong>\u00a0\u2014\u00a0<\/strong>Maison de la Culture Notre-Dame-de-Gr\u00e2ce , Montr\u00e9al<\/p>\n<p><strong>2013-01-26\u00a0\u2014\u00a0<\/strong>Double duos<strong>\u00a0\u2014\u00a0<\/strong>Salle Michel C\u00f4t\u00e9, Alma\u00a0<strong>\u2014\u00a0<\/strong><a href=\"http:\/\/duofortinpoirier.com\/calendrier\">Groupe Concerto<\/a><\/p>\n<p>[\/et_pb_toggle][et_pb_toggle title=\u00a0\u00bb2012&Prime; _builder_version=\u00a0\u00bb4.16&Prime; _module_preset=\u00a0\u00bbdefault\u00a0\u00bb body_font=\u00a0\u00bbRoboto||||||||\u00a0\u00bb global_colors_info=\u00a0\u00bb{}\u00a0\u00bb]<\/p>\n<p><strong><\/strong><\/p>\n<p><strong>2012-10-28\u00a0\u2014\u00a0<\/strong>Concert priv\u00e9<strong>\u00a0\u2014\u00a0<\/strong>L\u00e9ry, Qu\u00e9bec<\/p>\n<p><strong>2012-10-14\u00a0\u2014\u00a0<\/strong>Vingt doigts et un piano<strong>\u00a0\u2014\u00a0<\/strong>Maison de la culture du Plateau Mont-Royal, Montr\u00e9al<\/p>\n<p><strong>2012-09-30\u00a0\u2014\u00a0<\/strong>Vingt doigts et un piano<strong>\u00a0\u2014\u00a0<\/strong>Lac-K\u00e9nogami<strong>\u00a0\u2014\u00a0<\/strong><a href=\"http:\/\/duofortinpoirier.com\/calendrier\">Les concerts de la chapelle Saint-Cyriac<\/a><\/p>\n<p><strong>2012-09-24\u00a0\u2014\u00a0<\/strong>Les lundis d&rsquo;Edgar<strong>\u00a0\u2014\u00a0<\/strong>Maison de la Culture Frontenac, Montr\u00e9al<\/p>\n<p><strong>2012-06-10\u00a0\u2014\u00a0<\/strong>Brahms, d\u2019amour et de foi<strong>\u00a0\u2014\u00a0<\/strong>\u00c9glise St-George\u2019s Anglican<strong>\u00a0\u2014\u00a0<\/strong><a href=\"http:\/\/duofortinpoirier.com\/calendrier\">Duo Fortin-Poirier- Ensemble vocal des Amis de Radio-Canada<\/a><\/p>\n<p><strong>2012-05-16\u00a0\u2014\u00a0<\/strong>Vingt doigts et un piano<strong>\u00a0\u2014\u00a0<\/strong>Centre d\u2019h\u00e9bergement de Dorval<strong>\u00a0\u2014\u00a0<\/strong><a href=\"http:\/\/duofortinpoirier.com\/calendrier\">Soci\u00e9t\u00e9 pour les arts en milieux de sant\u00e9<\/a><\/p>\n<p><strong>2012-04-27\u00a0\u2014\u00a0<\/strong>Vingt doigts et un piano<strong>\u00a0\u2014\u00a0<\/strong>Centre d\u2019h\u00e9bergement \u00c9loria-Lepage, Montr\u00e9al<strong>\u00a0\u2014\u00a0<\/strong><a href=\"http:\/\/duofortinpoirier.com\/calendrier\">Soci\u00e9t\u00e9 pour les arts en milieux de sant\u00e9<\/a><\/p>\n<p><strong>2012-04-03\u00a0\u2014\u00a0<\/strong>Vingt doigts et un piano<strong>\u00a0\u2014\u00a0<\/strong>Centre d\u2019h\u00e9bergement Pierre-Joseph-Triest, Montr\u00e9al<strong>\u00a0\u2014\u00a0<\/strong><a href=\"http:\/\/duofortinpoirier.com\/calendrier\">Soci\u00e9t\u00e9 pour les arts en milieux de sant\u00e9<\/a><\/p>\n<p><strong>2012-04-02\u00a0\u2014\u00a0<\/strong>Vingt doigts et un piano<strong>\u00a0\u2014\u00a0<\/strong>Centre d\u2019h\u00e9bergement Ernest-Routhier, Montr\u00e9al<strong>\u00a0\u2014\u00a0<\/strong><a href=\"http:\/\/duofortinpoirier.com\/calendrier\">Soci\u00e9t\u00e9 pour les arts en milieux de sant\u00e9<\/a><\/p>\n<p><strong>2012-03-04\u00a0\u2014\u00a0<\/strong>Vingt doigts et un piano<strong>\u00a0\u2014\u00a0<\/strong>Maison de la culture du Plateau Mont-Royal, Montr\u00e9al<\/p>\n<p><strong>2012-02-04\u00a0\u2014\u00a0<\/strong>Vingt doigts et un piano<strong>\u00a0\u2014\u00a0<\/strong>Maison de la culture Maisonneuve, Montr\u00e9al<strong>\u00a0\u2014\u00a0<\/strong><a href=\"http:\/\/duofortinpoirier.com\/calendrier\">S\u00e9rie Piano au cube<\/a><\/p>\n<p><strong>2012-01-23\u00a0\u2014\u00a0<\/strong>Vingt doigts et un piano<strong>\u00a0\u2014\u00a0<\/strong>Centre d\u2019h\u00e9bergement de Louvain<strong>\u00a0\u2014\u00a0<\/strong><a href=\"http:\/\/duofortinpoirier.com\/calendrier\">Soci\u00e9t\u00e9 pour les arts en milieux de sant\u00e9<\/a><\/p>\n<p><strong>2012-01-22\u00a0\u2014\u00a0<\/strong>Vingt doigts et un piano<strong>\u00a0\u2014\u00a0<\/strong>Centre d\u2019h\u00e9bergement Nazaire-Pich\u00e9, Montr\u00e9al<strong>\u00a0\u2014\u00a0<\/strong><a href=\"http:\/\/duofortinpoirier.com\/calendrier\">Soci\u00e9t\u00e9 pour les arts en milieux de sant\u00e9<\/a><\/p>\n<p><strong>2012-01-19\u00a0\u2014\u00a0<\/strong>Vingt doigts et un piano<strong>\u00a0\u2014\u00a0<\/strong>Centre d\u2019h\u00e9bergement Saint-Laurent<strong>\u00a0\u2014\u00a0<\/strong><a href=\"http:\/\/duofortinpoirier.com\/calendrier\">Soci\u00e9t\u00e9 pour les arts en milieux de sant\u00e9<\/a><\/p>\n<p><strong>2012-01-15\u00a0\u2014\u00a0<\/strong>Vingt doigts et un piano<strong>\u00a0\u2014\u00a0<\/strong>Centre d\u2019h\u00e9bergement Robert-Cliche, Montr\u00e9al<strong>\u00a0\u2014\u00a0<\/strong><a href=\"http:\/\/duofortinpoirier.com\/calendrier\">Soci\u00e9t\u00e9 pour les arts en milieux de sant\u00e9<\/a><\/p>\n<p><strong>2012-01-13\u00a0\u2014\u00a0<\/strong>Vingt doigts et un piano<strong>\u00a0\u2014\u00a0<\/strong>Centre d\u2019h\u00e9bergement Laurendeau, Montr\u00e9al<strong>\u00a0\u2014\u00a0<\/strong><a href=\"http:\/\/duofortinpoirier.com\/calendrier\">Soci\u00e9t\u00e9 pour les arts en milieux de sant\u00e9<\/a><\/p>\n<p>&nbsp;<\/p>\n<p>[\/et_pb_toggle][et_pb_toggle title=\u00a0\u00bb2011&Prime; _builder_version=\u00a0\u00bb4.16&Prime; _module_preset=\u00a0\u00bbdefault\u00a0\u00bb body_font=\u00a0\u00bbRoboto||||||||\u00a0\u00bb global_colors_info=\u00a0\u00bb{}\u00a0\u00bb]<\/p>\n<p><strong><\/strong><\/p>\n<p><strong>2011-12-05\u00a0\u2014\u00a0<\/strong>Vingt doigts et un piano<strong>\u00a0\u2014\u00a0<\/strong>Centre d\u2019h\u00e9bergement Rousselot, Montr\u00e9al<strong>\u00a0\u2014\u00a0<\/strong><a href=\"http:\/\/duofortinpoirier.com\/calendrier\">Soci\u00e9t\u00e9 pour les arts en milieux de sant\u00e9<\/a><\/p>\n<p><strong>2011-11-27\u00a0\u2014\u00a0<\/strong>Dimanche en douceur<strong>\u00a0\u2014\u00a0<\/strong>Centre d\u2019art la Petite \u00c9glise de St-Eustache, Salle Gilles-Lefebvre<\/p>\n<p><strong>2011-11-27\u00a0\u2014\u00a0<\/strong>Vingt doigts et un piano<strong>\u00a0\u2014\u00a0<\/strong>Centre d\u2019h\u00e9bergement Manoir-de-l\u2019\u00c2ge-d\u2019Or, Montr\u00e9al<strong>\u00a0\u2014\u00a0<\/strong><a href=\"http:\/\/duofortinpoirier.com\/calendrier\">Soci\u00e9t\u00e9 pour les arts en milieux de sant\u00e9<\/a><\/p>\n<p>\u00a0<strong>2011-11-13\u00a0\u2014\u00a0<\/strong>Concert priv\u00e9<strong>\u00a0\u2014\u00a0<\/strong>L\u00e9ry, Qu\u00e9bec<\/p>\n<p><strong>2011-10-21\u00a0\u2014\u00a0<\/strong>International Duo Piano Competition Liszt 200 Chicago<strong>\u00a0\u2014\u00a0<\/strong>Chicago, \u00c9tats-Unis<strong>\u00a0\u2014\u00a0<\/strong><a href=\"http:\/\/duofortinpoirier.com\/calendrier\">21 au 23 octobre<\/a><\/p>\n<p><strong>2011-10-13\u00a0\u2014\u00a0<\/strong>Vingt doigts et un piano<strong>\u00a0\u2014\u00a0<\/strong>Centre d\u2019h\u00e9bergement Jeanne-Leber, Montr\u00e9al<strong>\u00a0\u2014\u00a0<\/strong><a href=\"http:\/\/duofortinpoirier.com\/calendrier\">Soci\u00e9t\u00e9 pour les arts en milieux de sant\u00e9<\/a><\/p>\n<p><strong>2011-09-25\u00a0\u2014\u00a0<\/strong>Concert Liszt 200<strong>\u00a0\u2014\u00a0<\/strong>Pianos Andr\u00e9 Bolduc, Montr\u00e9al<\/p>\n<p><strong>2011-09-24\u00a0\u2014\u00a0<\/strong>Concert Liszt 200<strong>\u00a0\u2014\u00a0<\/strong>Pianos Andr\u00e9 Bolduc, Montr\u00e9al<\/p>\n<p><strong>2011-09-09\u00a0\u2014\u00a0<\/strong>Vingt doigts et un piano<strong>\u00a0\u2014\u00a0<\/strong>Saint-Charles-Borrom\u00e9e<strong>\u00a0\u2014\u00a0<\/strong><a href=\"http:\/\/duofortinpoirier.com\/calendrier\">Maison Antoine-Lacombe<\/a><\/p>\n<p><strong>2011-08-06\u00a0\u2014\u00a0<\/strong>Un ap\u00e9ro \u00e0 Vauvert<strong>\u00a0\u2014\u00a0<\/strong>Vauvert, Lac-St-Jean<strong>\u00a0\u2014\u00a0<\/strong><a href=\"http:\/\/duofortinpoirier.com\/calendrier\">Concert \u00ab Apportez-votre ap\u00e9ro \u00bb<\/a><\/p>\n<p><strong>2011-05-22\u00a0\u2014\u00a0<\/strong>Vingt doigts et un piano<strong>\u00a0\u2014\u00a0<\/strong>Maison de la culture de Saint-Antoine-Sur-Richelieu<strong>\u00a0\u2014\u00a0<\/strong><a href=\"http:\/\/duofortinpoirier.com\/calendrier\">Dimanches en musique<\/a><\/p>\n<p><strong>2011-04-10\u00a0\u2014\u00a0<\/strong>Vingt doigts et un piano<strong>\u00a0\u2014\u00a0<\/strong>Centre d\u2019h\u00e9bergement du Manoir-de-Verdun<strong>\u00a0\u2014\u00a0<\/strong><a href=\"http:\/\/duofortinpoirier.com\/calendrier\">Soci\u00e9t\u00e9 pour les arts en milieux de sant\u00e9<\/a><\/p>\n<p><strong>2011-04-10\u00a0\u2014\u00a0<\/strong>Vingt doigts et un piano<strong>\u00a0\u2014\u00a0<\/strong>Centre d\u2019h\u00e9bergement Champlain, Montreal<strong>\u00a0\u2014\u00a0<\/strong><a href=\"http:\/\/duofortinpoirier.com\/calendrier\">Soci\u00e9t\u00e9 pour les arts en milieux de sant\u00e9<\/a><\/p>\n<p><strong>2011-03-17\u00a0\u2014\u00a0<\/strong>Vingt doigts et un piano<strong>\u00a0\u2014\u00a0<\/strong>Centre d\u2019h\u00e9bergement Saint-Laurent<strong>\u00a0\u2014\u00a0<\/strong><a href=\"http:\/\/duofortinpoirier.com\/calendrier\">Soci\u00e9t\u00e9 pour les arts en milieux de sant\u00e9<\/a><\/p>\n<p><strong>2011-02-06\u00a0\u2014\u00a0<\/strong>Vingt doigts et un piano<strong>\u00a0\u2014\u00a0<\/strong>Sorel-Tracy<strong>\u00a0\u2014\u00a0<\/strong><a href=\"http:\/\/duofortinpoirier.com\/calendrier\">Les p&rsquo;tits dimanches ensoleill\u00e9s<\/a><\/p>\n<p><strong>2011-01-21\u00a0\u2014\u00a0<\/strong>Vingt doigts et un piano<strong>\u00a0\u2014\u00a0<\/strong>Centre d\u2019h\u00e9bergement Jean-Henri-Charbonneau, Montr\u00e9al<strong>\u00a0\u2014\u00a0<\/strong><a href=\"http:\/\/duofortinpoirier.com\/calendrier\">Soci\u00e9t\u00e9 pour les arts en milieux de sant\u00e9<\/a><\/p>\n<p><strong>2011-01-13\u00a0\u2014\u00a0<\/strong>Vingt doigts et un piano<strong>\u00a0\u2014\u00a0<\/strong>Centre d\u2019h\u00e9bergement Henri-Bradet, Montr\u00e9al<strong>\u00a0\u2014\u00a0<\/strong><a href=\"http:\/\/duofortinpoirier.com\/calendrier\">Soci\u00e9t\u00e9 pour les arts en milieux de sant\u00e9<\/a><\/p>\n<p><strong>2011-01-11\u00a0\u2014\u00a0<\/strong>Vingt doigts et un piano<strong>\u00a0\u2014\u00a0<\/strong>Centre d\u2019h\u00e9bergement Paul-Lizotte, Montr\u00e9al<strong>\u00a0\u2014\u00a0<\/strong><a href=\"http:\/\/duofortinpoirier.com\/calendrier\">Soci\u00e9t\u00e9 pour les arts en milieux de sant\u00e9<\/a><\/p>\n<p>[\/et_pb_toggle][et_pb_toggle title=\u00a0\u00bb2010&Prime; _builder_version=\u00a0\u00bb4.16&Prime; _module_preset=\u00a0\u00bbdefault\u00a0\u00bb body_font=\u00a0\u00bbRoboto||||||||\u00a0\u00bb global_colors_info=\u00a0\u00bb{}\u00a0\u00bb]<\/p>\n<p><strong><\/strong><\/p>\n<p><strong>2010-11-26\u00a0\u2014\u00a0<\/strong>Vingt doigts et un piano<strong>\u00a0\u2014\u00a0<\/strong>Centre d\u2019h\u00e9bergement \u00c9loria-Lepage<strong>\u00a0\u2014\u00a0<\/strong><a href=\"http:\/\/duofortinpoirier.com\/calendrier\">Soci\u00e9t\u00e9 pour les arts en milieux de sant\u00e9<\/a><\/p>\n<p><strong>2010-11-25\u00a0\u2014\u00a0<\/strong>Vingt doigts et un piano<strong>\u00a0\u2014\u00a0<\/strong>R\u00e9sidence L&rsquo;image d&rsquo;Outremont, Montr\u00e9al<\/p>\n<p><strong>2010-11-07\u00a0\u2014\u00a0<\/strong>Concert priv\u00e9<strong>\u00a0\u2014\u00a0<\/strong>L\u00e9ry, Qu\u00e9bec<\/p>\n<p><strong>2010-10-24\u00a0\u2014\u00a0<\/strong>Vingt doigts et deux pianos<strong>\u00a0\u2014\u00a0<\/strong>Maison des arts, Laval<strong>\u00a0\u2014\u00a0<\/strong><a href=\"http:\/\/duofortinpoirier.com\/calendrier\">Les d\u00e9jeuners Croissant-Musique<\/a><\/p>\n<p><strong>2010-10-17\u00a0\u2014\u00a0<\/strong>Vingt doigts et deux pianos<strong>\u00a0\u2014\u00a0<\/strong>Maison des arts, Laval<strong>\u00a0\u2014\u00a0<\/strong><a href=\"http:\/\/duofortinpoirier.com\/calendrier\">Les d\u00e9jeuners Croissant-Musique<\/a><\/p>\n<p><strong>2010-10-13\u00a0\u2014\u00a0<\/strong>Vingt doigts et un piano<strong>\u00a0\u2014\u00a0<\/strong>Centre d\u2019h\u00e9bergement des Seigneurs<strong>\u00a0\u2014\u00a0<\/strong><a href=\"http:\/\/duofortinpoirier.com\/calendrier\">Soci\u00e9t\u00e9 pour les arts en milieux de sant\u00e9<\/a><\/p>\n<p><strong>2010-10-03\u00a0\u2014\u00a0<\/strong>Vingt doigts et un piano<strong>\u00a0\u2014\u00a0<\/strong>Centre d\u2019h\u00e9bergement du Manoir-de-l\u2019\u00c2ge-d\u2019Or\u00a0<strong>\u2014\u00a0<\/strong><a href=\"http:\/\/duofortinpoirier.com\/calendrier\">Soci\u00e9t\u00e9 pour les arts en milieux de sant\u00e9<\/a><\/p>\n<p>\u00a0<strong>2010-09-21\u00a0\u2014\u00a0<\/strong>Concours International de piano Grieg<strong>\u00a0\u2014\u00a0<\/strong>Oslo, Norv\u00e8ge<strong>\u00a0\u2014\u00a0<\/strong><a href=\"http:\/\/duofortinpoirier.com\/calendrier\">21 et 22 Septembre<\/a><\/p>\n<p><strong>2010-09-13\u00a0\u2014\u00a0<\/strong>Vingt doigts et un piano<strong>\u00a0\u2014\u00a0<\/strong>Centre d\u2019h\u00e9bergement Biermans<strong>\u00a0\u2014\u00a0<\/strong><a href=\"http:\/\/duofortinpoirier.com\/calendrier\">Soci\u00e9t\u00e9 pour les arts en milieux de sant\u00e9<\/a><\/p>\n<p><strong>2010-09-12<\/strong>\u00a0\u2014\u00a0Vingt doigts et un piano\u00a0\u2014\u00a0Centre d\u2019h\u00e9bergement Rousselot\u00a0\u2014\u00a0<a href=\"http:\/\/duofortinpoirier.com\/calendrier\">Soci\u00e9t\u00e9 pour les arts en milieux de sant\u00e9<\/a><\/p>\n<p><strong>2010-09-11<\/strong>\u00a0\u2014\u00a0Concert\u00a0\u2014\u00a0Pianos Andr\u00e9 Bolduc<\/p>\n<p><strong>2010-09-10<\/strong>\u00a0\u2014\u00a0Vingt doigts et un piano\u00a0\u2014\u00a0Centre d\u2019h\u00e9bergement Saint-Henri\u00a0\u2014\u00a0<a href=\"http:\/\/duofortinpoirier.com\/calendrier\">Soci\u00e9t\u00e9 pour les arts en milieux de sant\u00e9<\/a><\/p>\n<p>[\/et_pb_toggle][\/et_pb_column][\/et_pb_row][\/et_pb_section]<\/p>\n","protected":false},"excerpt":{"rendered":"<p>Concerts \u00e0 venir202619 avril 2026, 15h00 &#8211; Premi\u00e8re de la production Harmonie des oppos\u00e9s,\u00a0Maison de la Culture Athunsic, Montr\u00e9al, informations 21 avril 2026, 18H15 &#8211; Soir\u00e9e-b\u00e9n\u00e9fice de la SAMS 2026, Rialto, Montr\u00e9al, informations 23 avril 2026, 9h30 &#8211; Carnaval des animaux, Arsenal \u00e0 musique, Montr\u00e9al, pr\u00e9sentation scolaire informations 23 avril 2026, 20h00 &#8211; Lancement de [&hellip;]<\/p>\n","protected":false},"author":1,"featured_media":2342,"parent":0,"menu_order":5,"comment_status":"closed","ping_status":"closed","template":"","meta":{"_et_pb_use_builder":"on","_et_pb_old_content":"","_et_gb_content_width":"","footnotes":""},"class_list":["post-18","page","type-page","status-publish","has-post-thumbnail","hentry"],"yoast_head":"<!-- This site is optimized with the Yoast SEO plugin v27.5 - https:\/\/yoast.com\/product\/yoast-seo-wordpress\/ -->\n<title>Calendrier - Duo Fortin-Poirier<\/title>\n<meta name=\"description\" content=\"Le duo de piano \u00e0 quatre mains, Duo Fortin\u2013Poirier, pr\u00e9sente un r\u00e9pertoire de musique classique aux arrangements contemporains.\" \/>\n<meta name=\"robots\" content=\"index, follow, max-snippet:-1, max-image-preview:large, max-video-preview:-1\" \/>\n<link rel=\"canonical\" href=\"https:\/\/duofortinpoirier.com\/en\/calendrier\/\" \/>\n<meta property=\"og:locale\" content=\"en_US\" \/>\n<meta property=\"og:type\" content=\"article\" \/>\n<meta property=\"og:title\" content=\"Calendrier - Duo Fortin-Poirier\" \/>\n<meta property=\"og:description\" content=\"Le duo de piano \u00e0 quatre mains, Duo Fortin\u2013Poirier, pr\u00e9sente un r\u00e9pertoire de musique classique aux arrangements contemporains.\" \/>\n<meta property=\"og:url\" content=\"https:\/\/duofortinpoirier.com\/en\/calendrier\/\" \/>\n<meta property=\"og:site_name\" content=\"Duo Fortin-Poirier\" \/>\n<meta property=\"article:modified_time\" content=\"2026-04-30T14:01:52+00:00\" \/>\n<meta property=\"og:image\" content=\"https:\/\/duofortinpoirier.com\/wp-content\/uploads\/2021\/11\/Duo-Fortin-Poirier_featured.jpg\" \/>\n\t<meta property=\"og:image:width\" content=\"1200\" \/>\n\t<meta property=\"og:image:height\" content=\"628\" \/>\n\t<meta property=\"og:image:type\" content=\"image\/jpeg\" \/>\n<meta name=\"twitter:card\" content=\"summary_large_image\" \/>\n<meta name=\"twitter:label1\" content=\"Est. reading time\" \/>\n\t<meta name=\"twitter:data1\" content=\"14 minutes\" \/>\n<script type=\"application\/ld+json\" class=\"yoast-schema-graph\">{\"@context\":\"https:\\\/\\\/schema.org\",\"@graph\":[{\"@type\":\"WebPage\",\"@id\":\"https:\\\/\\\/duofortinpoirier.com\\\/calendrier\\\/\",\"url\":\"https:\\\/\\\/duofortinpoirier.com\\\/calendrier\\\/\",\"name\":\"Calendrier - Duo Fortin-Poirier\",\"isPartOf\":{\"@id\":\"https:\\\/\\\/duofortinpoirier.com\\\/#website\"},\"primaryImageOfPage\":{\"@id\":\"https:\\\/\\\/duofortinpoirier.com\\\/calendrier\\\/#primaryimage\"},\"image\":{\"@id\":\"https:\\\/\\\/duofortinpoirier.com\\\/calendrier\\\/#primaryimage\"},\"thumbnailUrl\":\"https:\\\/\\\/duofortinpoirier.com\\\/wp-content\\\/uploads\\\/2021\\\/11\\\/Duo-Fortin-Poirier_featured.jpg\",\"datePublished\":\"2021-04-22T18:49:53+00:00\",\"dateModified\":\"2026-04-30T14:01:52+00:00\",\"description\":\"Le duo de piano \u00e0 quatre mains, Duo Fortin\u2013Poirier, pr\u00e9sente un r\u00e9pertoire de musique classique aux arrangements contemporains.\",\"breadcrumb\":{\"@id\":\"https:\\\/\\\/duofortinpoirier.com\\\/calendrier\\\/#breadcrumb\"},\"inLanguage\":\"en-CA\",\"potentialAction\":[{\"@type\":\"ReadAction\",\"target\":[\"https:\\\/\\\/duofortinpoirier.com\\\/calendrier\\\/\"]}]},{\"@type\":\"ImageObject\",\"inLanguage\":\"en-CA\",\"@id\":\"https:\\\/\\\/duofortinpoirier.com\\\/calendrier\\\/#primaryimage\",\"url\":\"https:\\\/\\\/duofortinpoirier.com\\\/wp-content\\\/uploads\\\/2021\\\/11\\\/Duo-Fortin-Poirier_featured.jpg\",\"contentUrl\":\"https:\\\/\\\/duofortinpoirier.com\\\/wp-content\\\/uploads\\\/2021\\\/11\\\/Duo-Fortin-Poirier_featured.jpg\",\"width\":1200,\"height\":628},{\"@type\":\"BreadcrumbList\",\"@id\":\"https:\\\/\\\/duofortinpoirier.com\\\/calendrier\\\/#breadcrumb\",\"itemListElement\":[{\"@type\":\"ListItem\",\"position\":1,\"name\":\"Home\",\"item\":\"https:\\\/\\\/duofortinpoirier.com\\\/\"},{\"@type\":\"ListItem\",\"position\":2,\"name\":\"Calendrier\"}]},{\"@type\":\"WebSite\",\"@id\":\"https:\\\/\\\/duofortinpoirier.com\\\/#website\",\"url\":\"https:\\\/\\\/duofortinpoirier.com\\\/\",\"name\":\"Duo Fortin-Poirier\",\"description\":\"Duo de piano \u00e0 quatre mains\",\"potentialAction\":[{\"@type\":\"SearchAction\",\"target\":{\"@type\":\"EntryPoint\",\"urlTemplate\":\"https:\\\/\\\/duofortinpoirier.com\\\/?s={search_term_string}\"},\"query-input\":{\"@type\":\"PropertyValueSpecification\",\"valueRequired\":true,\"valueName\":\"search_term_string\"}}],\"inLanguage\":\"en-CA\"}]}<\/script>\n<!-- \/ Yoast SEO plugin. -->","yoast_head_json":{"title":"Calendrier - Duo Fortin-Poirier","description":"Le duo de piano \u00e0 quatre mains, Duo Fortin\u2013Poirier, pr\u00e9sente un r\u00e9pertoire de musique classique aux arrangements contemporains.","robots":{"index":"index","follow":"follow","max-snippet":"max-snippet:-1","max-image-preview":"max-image-preview:large","max-video-preview":"max-video-preview:-1"},"canonical":"https:\/\/duofortinpoirier.com\/en\/calendrier\/","og_locale":"en_US","og_type":"article","og_title":"Calendrier - Duo Fortin-Poirier","og_description":"Le duo de piano \u00e0 quatre mains, Duo Fortin\u2013Poirier, pr\u00e9sente un r\u00e9pertoire de musique classique aux arrangements contemporains.","og_url":"https:\/\/duofortinpoirier.com\/en\/calendrier\/","og_site_name":"Duo Fortin-Poirier","article_modified_time":"2026-04-30T14:01:52+00:00","og_image":[{"width":1200,"height":628,"url":"https:\/\/duofortinpoirier.com\/wp-content\/uploads\/2021\/11\/Duo-Fortin-Poirier_featured.jpg","type":"image\/jpeg"}],"twitter_card":"summary_large_image","twitter_misc":{"Est. reading time":"14 minutes"},"schema":{"@context":"https:\/\/schema.org","@graph":[{"@type":"WebPage","@id":"https:\/\/duofortinpoirier.com\/calendrier\/","url":"https:\/\/duofortinpoirier.com\/calendrier\/","name":"Calendrier - Duo Fortin-Poirier","isPartOf":{"@id":"https:\/\/duofortinpoirier.com\/#website"},"primaryImageOfPage":{"@id":"https:\/\/duofortinpoirier.com\/calendrier\/#primaryimage"},"image":{"@id":"https:\/\/duofortinpoirier.com\/calendrier\/#primaryimage"},"thumbnailUrl":"https:\/\/duofortinpoirier.com\/wp-content\/uploads\/2021\/11\/Duo-Fortin-Poirier_featured.jpg","datePublished":"2021-04-22T18:49:53+00:00","dateModified":"2026-04-30T14:01:52+00:00","description":"Le duo de piano \u00e0 quatre mains, Duo Fortin\u2013Poirier, pr\u00e9sente un r\u00e9pertoire de musique classique aux arrangements contemporains.","breadcrumb":{"@id":"https:\/\/duofortinpoirier.com\/calendrier\/#breadcrumb"},"inLanguage":"en-CA","potentialAction":[{"@type":"ReadAction","target":["https:\/\/duofortinpoirier.com\/calendrier\/"]}]},{"@type":"ImageObject","inLanguage":"en-CA","@id":"https:\/\/duofortinpoirier.com\/calendrier\/#primaryimage","url":"https:\/\/duofortinpoirier.com\/wp-content\/uploads\/2021\/11\/Duo-Fortin-Poirier_featured.jpg","contentUrl":"https:\/\/duofortinpoirier.com\/wp-content\/uploads\/2021\/11\/Duo-Fortin-Poirier_featured.jpg","width":1200,"height":628},{"@type":"BreadcrumbList","@id":"https:\/\/duofortinpoirier.com\/calendrier\/#breadcrumb","itemListElement":[{"@type":"ListItem","position":1,"name":"Home","item":"https:\/\/duofortinpoirier.com\/"},{"@type":"ListItem","position":2,"name":"Calendrier"}]},{"@type":"WebSite","@id":"https:\/\/duofortinpoirier.com\/#website","url":"https:\/\/duofortinpoirier.com\/","name":"Duo Fortin-Poirier","description":"Duo de piano \u00e0 quatre mains","potentialAction":[{"@type":"SearchAction","target":{"@type":"EntryPoint","urlTemplate":"https:\/\/duofortinpoirier.com\/?s={search_term_string}"},"query-input":{"@type":"PropertyValueSpecification","valueRequired":true,"valueName":"search_term_string"}}],"inLanguage":"en-CA"}]}},"_links":{"self":[{"href":"https:\/\/duofortinpoirier.com\/en\/wp-json\/wp\/v2\/pages\/18","targetHints":{"allow":["GET"]}}],"collection":[{"href":"https:\/\/duofortinpoirier.com\/en\/wp-json\/wp\/v2\/pages"}],"about":[{"href":"https:\/\/duofortinpoirier.com\/en\/wp-json\/wp\/v2\/types\/page"}],"author":[{"embeddable":true,"href":"https:\/\/duofortinpoirier.com\/en\/wp-json\/wp\/v2\/users\/1"}],"replies":[{"embeddable":true,"href":"https:\/\/duofortinpoirier.com\/en\/wp-json\/wp\/v2\/comments?post=18"}],"version-history":[{"count":159,"href":"https:\/\/duofortinpoirier.com\/en\/wp-json\/wp\/v2\/pages\/18\/revisions"}],"predecessor-version":[{"id":2989,"href":"https:\/\/duofortinpoirier.com\/en\/wp-json\/wp\/v2\/pages\/18\/revisions\/2989"}],"wp:featuredmedia":[{"embeddable":true,"href":"https:\/\/duofortinpoirier.com\/en\/wp-json\/wp\/v2\/media\/2342"}],"wp:attachment":[{"href":"https:\/\/duofortinpoirier.com\/en\/wp-json\/wp\/v2\/media?parent=18"}],"curies":[{"name":"wp","href":"https:\/\/api.w.org\/{rel}","templated":true}]}}